{"id":158,"date":"2017-07-18T17:23:45","date_gmt":"2017-07-18T17:23:45","guid":{"rendered":"http:\/\/mafran.es\/?page_id=158"},"modified":"2017-07-18T17:48:56","modified_gmt":"2017-07-18T17:48:56","slug":"quien-soy","status":"publish","type":"page","link":"https:\/\/mafran.es\/en\/quien-soy\/","title":{"rendered":"Quien Soy"},"content":{"rendered":"<p><img loading=\"lazy\" decoding=\"async\" class=\"alignnone wp-image-163\" src=\"http:\/\/mafran.es\/wp-content\/uploads\/2017\/07\/20151010_190202-e1500399219332-1024x576.jpg\" alt=\"\" width=\"603\" height=\"339\" srcset=\"https:\/\/mafran.es\/wp-content\/uploads\/2017\/07\/20151010_190202-e1500399219332-1024x576.jpg 1024w, https:\/\/mafran.es\/wp-content\/uploads\/2017\/07\/20151010_190202-e1500399219332-300x169.jpg 300w, https:\/\/mafran.es\/wp-content\/uploads\/2017\/07\/20151010_190202-e1500399219332-768x432.jpg 768w\" sizes=\"auto, (max-width: 603px) 100vw, 603px\" \/><\/p>\n<p style=\"text-align: justify;\">Ingeniero y curioso. Vivo viendo el lado pr\u00e1ctico de las cosas. Nac\u00ed y me cri\u00e9 en Algeciras, en Pescadores, que siempre ser\u00e1 mi casa. Me hice un hombre en Sevilla, donde pas\u00e9 media vida. Sevillano de alma, algecire\u00f1o de coraz\u00f3n.<\/p>\n<p style=\"text-align: justify;\">He querido vivir con la curiosidad de conocer y de ser mejor. La pasi\u00f3n por bandera, hasta haciendo integrales. Mejor dar siempre el 100%.<\/p>\n<p style=\"text-align: justify;\">Cristiano convencido, pero no me gusta la curia. Vivo dentro del sistema que me gustar\u00eda cambiar, porque s\u00f3lo desde dentro se puede mejorar. Intento poner un granito de arena all\u00e1 donde voy, y aprender all\u00e1 donde est\u00e9.<\/p>\n<p style=\"text-align: justify;\">Radical en la forma de hablar, a veces, pol\u00edticamente incorrecto. Otras, demasiado pr\u00e1ctico. Pero creo que en el lenguaje hay que ser pr\u00e1ctico, los adornos est\u00e9ticos son s\u00f3lo hojarasca que dificultan ver el mensaje.<\/p>\n<p style=\"text-align: justify;\">Y siempre contigo. Enamorado como el primer d\u00eda. Los dos eramos m\u00e1s juntos. Hasta que llegaron dos revoltosos a mejorar la familia. Y ya somos cuatro. Y juntos, a\u00fan m\u00e1s.<\/p>\n<p>&nbsp;<\/p>","protected":false},"excerpt":{"rendered":"<p>Ingeniero y curioso. Vivo viendo el lado pr\u00e1ctico de las cosas. Nac\u00ed y me cri\u00e9 en Algeciras, en Pescadores, que siempre ser\u00e1 mi casa. Me hice un hombre en Sevilla, donde pas\u00e9 media vida. Sevillano de alma, algecire\u00f1o de coraz\u00f3n. He querido vivir con la curiosidad de conocer y de ser mejor. La pasi\u00f3n por bandera, hasta haciendo integrales. Mejor dar siempre el 100%. Cristiano convencido, pero no me gusta la curia. Vivo dentro del sistema que me gustar\u00eda cambiar, porque s\u00f3lo desde dentro se puede mejorar. Intento poner un&hellip;<\/p>","protected":false},"author":1,"featured_media":0,"parent":0,"menu_order":0,"comment_status":"closed","ping_status":"closed","template":"","meta":{"footnotes":""},"class_list":["post-158","page","type-page","status-publish","hentry"],"rttpg_featured_image_url":null,"rttpg_author":{"display_name":"mafran","author_link":"https:\/\/mafran.es\/en\/author\/mafran\/"},"rttpg_comment":0,"rttpg_category":null,"rttpg_excerpt":"Ingeniero y curioso. Vivo viendo el lado pr\u00e1ctico de las cosas. Nac\u00ed y me cri\u00e9 en Algeciras, en Pescadores, que siempre ser\u00e1 mi casa. Me hice un hombre en Sevilla, donde pas\u00e9 media vida. Sevillano de alma, algecire\u00f1o de coraz\u00f3n. He querido vivir con la curiosidad de conocer y de ser mejor. La pasi\u00f3n por&hellip;","_links":{"self":[{"href":"https:\/\/mafran.es\/en\/wp-json\/wp\/v2\/pages\/158","targetHints":{"allow":["GET"]}}],"collection":[{"href":"https:\/\/mafran.es\/en\/wp-json\/wp\/v2\/pages"}],"about":[{"href":"https:\/\/mafran.es\/en\/wp-json\/wp\/v2\/types\/page"}],"author":[{"embeddable":true,"href":"https:\/\/mafran.es\/en\/wp-json\/wp\/v2\/users\/1"}],"replies":[{"embeddable":true,"href":"https:\/\/mafran.es\/en\/wp-json\/wp\/v2\/comments?post=158"}],"version-history":[{"count":4,"href":"https:\/\/mafran.es\/en\/wp-json\/wp\/v2\/pages\/158\/revisions"}],"predecessor-version":[{"id":167,"href":"https:\/\/mafran.es\/en\/wp-json\/wp\/v2\/pages\/158\/revisions\/167"}],"wp:attachment":[{"href":"https:\/\/mafran.es\/en\/wp-json\/wp\/v2\/media?parent=158"}],"curies":[{"name":"wp","href":"https:\/\/api.w.org\/{rel}","templated":true}]}}