{"id":323,"date":"2019-10-11T22:36:27","date_gmt":"2019-10-11T22:36:27","guid":{"rendered":"http:\/\/mafran.es\/?page_id=323"},"modified":"2019-10-24T17:03:31","modified_gmt":"2019-10-24T17:03:31","slug":"blog-no-puedo-dormir-sin-saber-esto","status":"publish","type":"page","link":"https:\/\/mafran.es\/en\/blog-no-puedo-dormir-sin-saber-esto\/","title":{"rendered":"Blog No Puedo Dormir Sin Saber Esto"},"content":{"rendered":"<div id=\"pl-323\"  class=\"panel-layout\" ><div id=\"pg-323-0\"  class=\"panel-grid panel-no-style\" ><div id=\"pgc-323-0-0\"  class=\"panel-grid-cell\" ><div id=\"panel-323-0-0-0\" class=\"so-panel widget widget_sow-editor panel-first-child\" data-index=\"0\" ><div\n\t\t\t\n\t\t\tclass=\"so-widget-sow-editor so-widget-sow-editor-base\"\n\t\t\t\n\t\t><h3 class=\"widget-title\">P\u00e1gina de Inicio<\/h3>\n<div class=\"siteorigin-widget-tinymce textwidget\">\n\t<p><a href=\"http:\/\/mafran.es\/en\/\"><img loading=\"lazy\" decoding=\"async\" class=\"aligncenter wp-image-1048 size-thumbnail\" src=\"http:\/\/mafran.es\/wp-content\/uploads\/2019\/10\/MafranLogo_cuadrado_verde-1-500x280.png\" alt=\"\" width=\"500\" height=\"280\" \/><\/a><\/p>\n<\/div>\n<\/div><\/div><div id=\"panel-323-0-0-1\" class=\"so-panel widget widget_jal_widget widget_archive widget_jaw_widget panel-last-child\" data-index=\"1\" ><h3 class=\"widget-title\">Entradas<\/h3><ul class=\"jaw_widget legacy preload\"  data-accordion=\"0\"   data-effect=\"slide\"   data-ex_sym=\"\u25ba\"   data-con_sym=\"\u25bc\" ><li ><a class=\"jaw_year jaw_symbol_wrapper\" title=\"2021\" href=\"https:\/\/mafran.es\/en\/2021\/\"><span class=\"jaw_symbol\">\u25ba<\/span><span class=\"year\">2021 (3)<\/span><\/a><ul class=\"jaw_months jal-hide\"><li ><a class=\"jaw_month jaw_symbol_wrapper\" href=\"https:\/\/mafran.es\/en\/2021\/10\/\" title=\"October\"><span class=\"jaw_symbol\">\u25ba<\/span>&nbsp;<span class=\"month\">October (2)<\/span><\/a><ul class=\"jal-hide\"><li ><a class=\"jw_post\" href=\"https:\/\/mafran.es\/en\/misrelatos\/\" title=\"Mis Relatos\">Mis Relatos<\/a><\/li><li ><a class=\"jw_post\" href=\"https:\/\/mafran.es\/en\/mi-turno\/\" title=\"Mi Turno\">Mi Turno<\/a><\/li><\/ul><\/li> <li ><a class=\"jaw_month jaw_symbol_wrapper\" href=\"https:\/\/mafran.es\/en\/2021\/09\/\" title=\"September\"><span class=\"jaw_symbol\">\u25ba<\/span>&nbsp;<span class=\"month\">September (1)<\/span><\/a><ul class=\"jal-hide\"><li ><a class=\"jw_post\" href=\"https:\/\/mafran.es\/en\/olor-a-sal\/\" title=\"Olor a Sal\">Olor a Sal<\/a><\/li><\/ul><\/li> <\/ul><\/li><li ><a class=\"jaw_year jaw_symbol_wrapper\" title=\"2020\" href=\"https:\/\/mafran.es\/en\/2020\/\"><span class=\"jaw_symbol\">\u25ba<\/span><span class=\"year\">2020 (10)<\/span><\/a><ul class=\"jaw_months jal-hide\"><li ><a class=\"jaw_month jaw_symbol_wrapper\" href=\"https:\/\/mafran.es\/en\/2020\/11\/\" title=\"November\"><span class=\"jaw_symbol\">\u25ba<\/span>&nbsp;<span class=\"month\">November (2)<\/span><\/a><ul class=\"jal-hide\"><li ><a class=\"jw_post\" href=\"https:\/\/mafran.es\/en\/luz-del-caos\/\" title=\"Luz del Caos\">Luz del Caos<\/a><\/li><li ><a class=\"jw_post\" href=\"https:\/\/mafran.es\/en\/perdicion\/\" title=\"Perdici\u00f3n\">Perdici\u00f3n<\/a><\/li><\/ul><\/li> <li ><a class=\"jaw_month jaw_symbol_wrapper\" href=\"https:\/\/mafran.es\/en\/2020\/03\/\" title=\"March\"><span class=\"jaw_symbol\">\u25ba<\/span>&nbsp;<span class=\"month\">March (1)<\/span><\/a><ul class=\"jal-hide\"><li ><a class=\"jw_post\" href=\"https:\/\/mafran.es\/en\/cadenas-tensas\/\" title=\"Cadenas tensas\">Cadenas tensas<\/a><\/li><\/ul><\/li> <li ><a class=\"jaw_month jaw_symbol_wrapper\" href=\"https:\/\/mafran.es\/en\/2020\/02\/\" title=\"February\"><span class=\"jaw_symbol\">\u25ba<\/span>&nbsp;<span class=\"month\">February (4)<\/span><\/a><ul class=\"jal-hide\"><li ><a class=\"jw_post\" href=\"https:\/\/mafran.es\/en\/inspeccionando-en-frontera\/\" title=\"Inspeccionando en frontera\">Inspeccionando en frontera<\/a><\/li><li ><a class=\"jw_post\" href=\"https:\/\/mafran.es\/en\/transportando-el-vacio\/\" title=\"Transportando el vac\u00edo\">Transportando el vac\u00edo<\/a><\/li><li ><a class=\"jw_post\" href=\"https:\/\/mafran.es\/en\/transbordando-o-no\/\" title=\"Transbordando... o no\">Transbordando... o no<\/a><\/li><li ><a class=\"jw_post\" href=\"https:\/\/mafran.es\/en\/aprovechando-el-desecho\/\" title=\"Aprovechando el desecho\">Aprovechando el desecho<\/a><\/li><\/ul><\/li> <li ><a class=\"jaw_month jaw_symbol_wrapper\" href=\"https:\/\/mafran.es\/en\/2020\/01\/\" title=\"January\"><span class=\"jaw_symbol\">\u25ba<\/span>&nbsp;<span class=\"month\">January (3)<\/span><\/a><ul class=\"jal-hide\"><li ><a class=\"jw_post\" href=\"https:\/\/mafran.es\/en\/paquetizando-el-transporte\/\" title=\"Paquetizando el transporte\">Paquetizando el transporte<\/a><\/li><li ><a class=\"jw_post\" href=\"https:\/\/mafran.es\/en\/la-importancia-de-las-areas-logisticas-de-interior\/\" title=\"La importancia de las \u00e1reas log\u00edsticas de interior\">La importancia de las \u00e1reas log\u00edsticas de interior<\/a><\/li><li ><a class=\"jw_post\" href=\"https:\/\/mafran.es\/en\/el-hinterland\/\" title=\"El hinterland\">El hinterland<\/a><\/li><\/ul><\/li> <\/ul><\/li><li class=\"expanded\"><a class=\"jaw_year jaw_symbol_wrapper\" title=\"2019\" href=\"https:\/\/mafran.es\/en\/2019\/\"><span class=\"jaw_symbol\">\u25bc<\/span><span class=\"year\">2019 (7)<\/span><\/a><ul class=\"jaw_months\"><li class=\"expanded\"><a class=\"jaw_month jaw_symbol_wrapper\" href=\"https:\/\/mafran.es\/en\/2019\/12\/\" title=\"December\"><span class=\"jaw_symbol\">\u25bc<\/span>&nbsp;<span class=\"month\">December (2)<\/span><\/a><ul class=\"\"><li ><a class=\"jw_post\" href=\"https:\/\/mafran.es\/en\/riesgos\/\" title=\"Riesgos\">Riesgos<\/a><\/li><li ><a class=\"jw_post\" href=\"https:\/\/mafran.es\/en\/el-valor-del-tiempo\/\" title=\"El valor del tiempo\">El valor del tiempo<\/a><\/li><\/ul><\/li> <li class=\"expanded\"><a class=\"jaw_month jaw_symbol_wrapper\" href=\"https:\/\/mafran.es\/en\/2019\/11\/\" title=\"November\"><span class=\"jaw_symbol\">\u25bc<\/span>&nbsp;<span class=\"month\">November (4)<\/span><\/a><ul class=\"\"><li ><a class=\"jw_post\" href=\"https:\/\/mafran.es\/en\/el-concepto-cadena\/\" title=\"El concepto de cadena log\u00edstica\">El concepto de cadena log\u00edstica<\/a><\/li><li ><a class=\"jw_post\" href=\"https:\/\/mafran.es\/en\/el-contrato-logistico\/\" title=\"El contrato log\u00edstico\">El contrato log\u00edstico<\/a><\/li><li ><a class=\"jw_post\" href=\"https:\/\/mafran.es\/en\/no-solo-transportar\/\" title=\"No solo transportar\">No solo transportar<\/a><\/li><li ><a class=\"jw_post\" href=\"https:\/\/mafran.es\/en\/de-que-depende-la-logistica\/\" title=\"\u00bfDe qu\u00e9 depende la log\u00edstica?\">\u00bfDe qu\u00e9 depende la log\u00edstica?<\/a><\/li><\/ul><\/li> <li class=\"expanded\"><a class=\"jaw_month jaw_symbol_wrapper\" href=\"https:\/\/mafran.es\/en\/2019\/10\/\" title=\"October\"><span class=\"jaw_symbol\">\u25bc<\/span>&nbsp;<span class=\"month\">October (1)<\/span><\/a><ul class=\"\"><li ><a class=\"jw_post\" href=\"https:\/\/mafran.es\/en\/que-es-la-logistica\/\" title=\"\u00bfQu\u00e9 es la log\u00edstica?\">\u00bfQu\u00e9 es la log\u00edstica?<\/a><\/li><\/ul><\/li> <\/ul><\/li><li ><a class=\"jaw_year jaw_symbol_wrapper\" title=\"2017\" href=\"https:\/\/mafran.es\/en\/2017\/\"><span class=\"jaw_symbol\">\u25ba<\/span><span class=\"year\">2017 (4)<\/span><\/a><ul class=\"jaw_months jal-hide\"><li ><a class=\"jaw_month jaw_symbol_wrapper\" href=\"https:\/\/mafran.es\/en\/2017\/08\/\" title=\"August\"><span class=\"jaw_symbol\">\u25ba<\/span>&nbsp;<span class=\"month\">August (1)<\/span><\/a><ul class=\"jal-hide\"><li ><a class=\"jw_post\" href=\"https:\/\/mafran.es\/en\/sobre-el-corredor-mediterraneo\/\" title=\"Sobre el Corredor Mediterr\u00e1neo\">Sobre el Corredor Mediterr\u00e1neo<\/a><\/li><\/ul><\/li> <li ><a class=\"jaw_month jaw_symbol_wrapper\" href=\"https:\/\/mafran.es\/en\/2017\/07\/\" title=\"July\"><span class=\"jaw_symbol\">\u25ba<\/span>&nbsp;<span class=\"month\">July (1)<\/span><\/a><ul class=\"jal-hide\"><li ><a class=\"jw_post\" href=\"https:\/\/mafran.es\/en\/cuando-las-matematicas-cuadran\/\" title=\"Cuando las matem\u00e1ticas cuadran\">Cuando las matem\u00e1ticas cuadran<\/a><\/li><\/ul><\/li> <li ><a class=\"jaw_month jaw_symbol_wrapper\" href=\"https:\/\/mafran.es\/en\/2017\/02\/\" title=\"February\"><span class=\"jaw_symbol\">\u25ba<\/span>&nbsp;<span class=\"month\">February (1)<\/span><\/a><ul class=\"jal-hide\"><li ><a class=\"jw_post\" href=\"https:\/\/mafran.es\/en\/un-billete-fuera-de-su-tiempo\/\" title=\"Un billete fuera de su tiempo\">Un billete fuera de su tiempo<\/a><\/li><\/ul><\/li> <li ><a class=\"jaw_month jaw_symbol_wrapper\" href=\"https:\/\/mafran.es\/en\/2017\/01\/\" title=\"January\"><span class=\"jaw_symbol\">\u25ba<\/span>&nbsp;<span class=\"month\">January (1)<\/span><\/a><ul class=\"jal-hide\"><li ><a class=\"jw_post\" href=\"https:\/\/mafran.es\/en\/la-lengua-de-cerbantes\/\" title=\"La lengua de Cerbantes\">La lengua de Cerbantes<\/a><\/li><\/ul><\/li> <\/ul><\/li><li ><a class=\"jaw_year jaw_symbol_wrapper\" title=\"2016\" href=\"https:\/\/mafran.es\/en\/2016\/\"><span class=\"jaw_symbol\">\u25ba<\/span><span class=\"year\">2016 (23)<\/span><\/a><ul class=\"jaw_months jal-hide\"><li ><a class=\"jaw_month jaw_symbol_wrapper\" href=\"https:\/\/mafran.es\/en\/2016\/12\/\" title=\"December\"><span class=\"jaw_symbol\">\u25ba<\/span>&nbsp;<span class=\"month\">December (3)<\/span><\/a><ul class=\"jal-hide\"><li ><a class=\"jw_post\" href=\"https:\/\/mafran.es\/en\/la-nueva-logistica-mejor-colaboremos\/\" title=\"La nueva log\u00edstica. Mejor colaboremos.\">La nueva log\u00edstica. Mejor colaboremos.<\/a><\/li><li ><a class=\"jw_post\" href=\"https:\/\/mafran.es\/en\/una-doctora-fuera-de-su-tiempo\/\" title=\"Una doctora en la edad media\">Una doctora en la edad media<\/a><\/li><li ><a class=\"jw_post\" href=\"https:\/\/mafran.es\/en\/conjeturando-para-que-funcione\/\" title=\"Conjeturando para que funcione\">Conjeturando para que funcione<\/a><\/li><\/ul><\/li> <li ><a class=\"jaw_month jaw_symbol_wrapper\" href=\"https:\/\/mafran.es\/en\/2016\/10\/\" title=\"October\"><span class=\"jaw_symbol\">\u25ba<\/span>&nbsp;<span class=\"month\">October (2)<\/span><\/a><ul class=\"jal-hide\"><li ><a class=\"jw_post\" href=\"https:\/\/mafran.es\/en\/un-desconocido-en-la-corte-del-rey-sabio\/\" title=\"Un desconocido en la corte del Rey sabio\">Un desconocido en la corte del Rey sabio<\/a><\/li><li ><a class=\"jw_post\" href=\"https:\/\/mafran.es\/en\/mirar-el-mundo-de-otra-manera\/\" title=\"Mirar el mundo de otra manera\">Mirar el mundo de otra manera<\/a><\/li><\/ul><\/li> <li ><a class=\"jaw_month jaw_symbol_wrapper\" href=\"https:\/\/mafran.es\/en\/2016\/07\/\" title=\"July\"><span class=\"jaw_symbol\">\u25ba<\/span>&nbsp;<span class=\"month\">July (2)<\/span><\/a><ul class=\"jal-hide\"><li ><a class=\"jw_post\" href=\"https:\/\/mafran.es\/en\/adivinacion-o-ciencia\/\" title=\"Adivinaci\u00f3n o ciencia\">Adivinaci\u00f3n o ciencia<\/a><\/li><li ><a class=\"jw_post\" href=\"https:\/\/mafran.es\/en\/un-paso-para-la-igualdad\/\" title=\"Un paso para la igualdad\">Un paso para la igualdad<\/a><\/li><\/ul><\/li> <li ><a class=\"jaw_month jaw_symbol_wrapper\" href=\"https:\/\/mafran.es\/en\/2016\/06\/\" title=\"June\"><span class=\"jaw_symbol\">\u25ba<\/span>&nbsp;<span class=\"month\">June (1)<\/span><\/a><ul class=\"jal-hide\"><li ><a class=\"jw_post\" href=\"https:\/\/mafran.es\/en\/una-maravilla-perdida\/\" title=\"Una maravilla perdida\">Una maravilla perdida<\/a><\/li><\/ul><\/li> <li ><a class=\"jaw_month jaw_symbol_wrapper\" href=\"https:\/\/mafran.es\/en\/2016\/05\/\" title=\"May\"><span class=\"jaw_symbol\">\u25ba<\/span>&nbsp;<span class=\"month\">May (1)<\/span><\/a><ul class=\"jal-hide\"><li ><a class=\"jw_post\" href=\"https:\/\/mafran.es\/en\/la-fe-en-tus-calculos\/\" title=\"La fe en tus c\u00e1lculos\">La fe en tus c\u00e1lculos<\/a><\/li><\/ul><\/li> <li ><a class=\"jaw_month jaw_symbol_wrapper\" href=\"https:\/\/mafran.es\/en\/2016\/04\/\" title=\"April\"><span class=\"jaw_symbol\">\u25ba<\/span>&nbsp;<span class=\"month\">April (2)<\/span><\/a><ul class=\"jal-hide\"><li ><a class=\"jw_post\" href=\"https:\/\/mafran.es\/en\/el-analisis-de-la-espera\/\" title=\"El an\u00e1lisis de la espera\">El an\u00e1lisis de la espera<\/a><\/li><li ><a class=\"jw_post\" href=\"https:\/\/mafran.es\/en\/dos-fechas-iguales-pero-distinto-dia\/\" title=\"Dos fechas iguales, pero distinto d\u00eda\">Dos fechas iguales, pero distinto d\u00eda<\/a><\/li><\/ul><\/li> <li ><a class=\"jaw_month jaw_symbol_wrapper\" href=\"https:\/\/mafran.es\/en\/2016\/03\/\" title=\"March\"><span class=\"jaw_symbol\">\u25ba<\/span>&nbsp;<span class=\"month\">March (3)<\/span><\/a><ul class=\"jal-hide\"><li ><a class=\"jw_post\" href=\"https:\/\/mafran.es\/en\/pioneros-y-olvidados\/\" title=\"Pioneros y olvidados.\">Pioneros y olvidados.<\/a><\/li><li ><a class=\"jw_post\" href=\"https:\/\/mafran.es\/en\/un-brillo-que-no-puede-contenerse\/\" title=\"Un brillo que no puede contenerse\">Un brillo que no puede contenerse<\/a><\/li><li ><a class=\"jw_post\" href=\"https:\/\/mafran.es\/en\/vuelva-usted-manana-si-estamos\/\" title=\"Vuelva usted ma\u00f1ana... si estamos\">Vuelva usted ma\u00f1ana... si estamos<\/a><\/li><\/ul><\/li> <li ><a class=\"jaw_month jaw_symbol_wrapper\" href=\"https:\/\/mafran.es\/en\/2016\/02\/\" title=\"February\"><span class=\"jaw_symbol\">\u25ba<\/span>&nbsp;<span class=\"month\">February (5)<\/span><\/a><ul class=\"jal-hide\"><li ><a class=\"jw_post\" href=\"https:\/\/mafran.es\/en\/enterrados-por-el-destino\/\" title=\"Enterrados por el destino\">Enterrados por el destino<\/a><\/li><li ><a class=\"jw_post\" href=\"https:\/\/mafran.es\/en\/menos-es-mas\/\" title=\"Menos es mas.\">Menos es mas.<\/a><\/li><li ><a class=\"jw_post\" href=\"https:\/\/mafran.es\/en\/un-desarrollo-imparable\/\" title=\"Un desarrollo imparable\">Un desarrollo imparable<\/a><\/li><li ><a class=\"jw_post\" href=\"https:\/\/mafran.es\/en\/de-la-necesidad-pioneros\/\" title=\"De la necesidad, pioneros\">De la necesidad, pioneros<\/a><\/li><li ><a class=\"jw_post\" href=\"https:\/\/mafran.es\/en\/el-poder-de-los-libros\/\" title=\"El poder de los libros\">El poder de los libros<\/a><\/li><\/ul><\/li> <li ><a class=\"jaw_month jaw_symbol_wrapper\" href=\"https:\/\/mafran.es\/en\/2016\/01\/\" title=\"January\"><span class=\"jaw_symbol\">\u25ba<\/span>&nbsp;<span class=\"month\">January (4)<\/span><\/a><ul class=\"jal-hide\"><li ><a class=\"jw_post\" href=\"https:\/\/mafran.es\/en\/un-estrecho-muy-remoto\/\" title=\"Un estrecho muy remoto\">Un estrecho muy remoto<\/a><\/li><li ><a class=\"jw_post\" href=\"https:\/\/mafran.es\/en\/algo-mas-que-un-simple-matematico\/\" title=\"Algo m\u00e1s que un simple matem\u00e1tico\">Algo m\u00e1s que un simple matem\u00e1tico<\/a><\/li><li ><a class=\"jw_post\" href=\"https:\/\/mafran.es\/en\/la-importancia-de-la-terminologia\/\" title=\"La importancia de la terminolog\u00eda\">La importancia de la terminolog\u00eda<\/a><\/li><li ><a class=\"jw_post\" href=\"https:\/\/mafran.es\/en\/el-ingenio-que-cambio-el-destino-de-un\/\" title=\"El ingenio que cambi\u00f3 el destino de un estado\">El ingenio que cambi\u00f3 el destino de un estado<\/a><\/li><\/ul><\/li> <\/ul><\/li><li ><a class=\"jaw_year jaw_symbol_wrapper\" title=\"2015\" href=\"https:\/\/mafran.es\/en\/2015\/\"><span class=\"jaw_symbol\">\u25ba<\/span><span class=\"year\">2015 (6)<\/span><\/a><ul class=\"jaw_months jal-hide\"><li ><a class=\"jaw_month jaw_symbol_wrapper\" href=\"https:\/\/mafran.es\/en\/2015\/03\/\" title=\"March\"><span class=\"jaw_symbol\">\u25ba<\/span>&nbsp;<span class=\"month\">March (1)<\/span><\/a><ul class=\"jal-hide\"><li ><a class=\"jw_post\" href=\"https:\/\/mafran.es\/en\/el-rayo-que-no-cesa\/\" title=\"El rayo que no cesa\">El rayo que no cesa<\/a><\/li><\/ul><\/li> <li ><a class=\"jaw_month jaw_symbol_wrapper\" href=\"https:\/\/mafran.es\/en\/2015\/02\/\" title=\"February\"><span class=\"jaw_symbol\">\u25ba<\/span>&nbsp;<span class=\"month\">February (2)<\/span><\/a><ul class=\"jal-hide\"><li ><a class=\"jw_post\" href=\"https:\/\/mafran.es\/en\/una-filosofia-no-tan-antigua\/\" title=\"Una filosof\u00eda no tan antigua\">Una filosof\u00eda no tan antigua<\/a><\/li><li ><a class=\"jw_post\" href=\"https:\/\/mafran.es\/en\/los-origenes-de-la-republica\/\" title=\"Los or\u00edgenes de la rep\u00fablica\">Los or\u00edgenes de la rep\u00fablica<\/a><\/li><\/ul><\/li> <li ><a class=\"jaw_month jaw_symbol_wrapper\" href=\"https:\/\/mafran.es\/en\/2015\/01\/\" title=\"January\"><span class=\"jaw_symbol\">\u25ba<\/span>&nbsp;<span class=\"month\">January (3)<\/span><\/a><ul class=\"jal-hide\"><li ><a class=\"jw_post\" href=\"https:\/\/mafran.es\/en\/en-el-otro-confin-del-mundo\/\" title=\"En el otro conf\u00edn del mundo\">En el otro conf\u00edn del mundo<\/a><\/li><li ><a class=\"jw_post\" href=\"https:\/\/mafran.es\/en\/el-otro-de-los-canales-artificiales\/\" title=\"El otro de los canales artificiales\">El otro de los canales artificiales<\/a><\/li><li ><a class=\"jw_post\" href=\"https:\/\/mafran.es\/en\/yo-conoci-la-tumba-de-los-tres-reyes\/\" title=\"Yo conoc\u00ed la tumba de los tres reyes\">Yo conoc\u00ed la tumba de los tres reyes<\/a><\/li><\/ul><\/li> <\/ul><\/li><li ><a class=\"jaw_year jaw_symbol_wrapper\" title=\"2014\" href=\"https:\/\/mafran.es\/en\/2014\/\"><span class=\"jaw_symbol\">\u25ba<\/span><span class=\"year\">2014 (8)<\/span><\/a><ul class=\"jaw_months jal-hide\"><li ><a class=\"jaw_month jaw_symbol_wrapper\" href=\"https:\/\/mafran.es\/en\/2014\/05\/\" title=\"May\"><span class=\"jaw_symbol\">\u25ba<\/span>&nbsp;<span class=\"month\">May (1)<\/span><\/a><ul class=\"jal-hide\"><li ><a class=\"jw_post\" href=\"https:\/\/mafran.es\/en\/cuando-una-critica-se-hace-realidad\/\" title=\"Cuando una cr\u00edtica se hace realidad\">Cuando una cr\u00edtica se hace realidad<\/a><\/li><\/ul><\/li> <li ><a class=\"jaw_month jaw_symbol_wrapper\" href=\"https:\/\/mafran.es\/en\/2014\/04\/\" title=\"April\"><span class=\"jaw_symbol\">\u25ba<\/span>&nbsp;<span class=\"month\">April (4)<\/span><\/a><ul class=\"jal-hide\"><li ><a class=\"jw_post\" href=\"https:\/\/mafran.es\/en\/unas-veces-uno-otras-veces-cero\/\" title=\"Unas veces uno, otras veces cero\">Unas veces uno, otras veces cero<\/a><\/li><li ><a class=\"jw_post\" href=\"https:\/\/mafran.es\/en\/mas-cerca-de-las-estrellas\/\" title=\"M\u00e1s cerca de las estrellas\">M\u00e1s cerca de las estrellas<\/a><\/li><li ><a class=\"jw_post\" href=\"https:\/\/mafran.es\/en\/reflexion-religion\/\" title=\"Reflexi\u00f3n ante la religi\u00f3n\">Reflexi\u00f3n ante la religi\u00f3n<\/a><\/li><li ><a class=\"jw_post\" href=\"https:\/\/mafran.es\/en\/un-viaje-en-el-tiempo-pie\/\" title=\"Un viaje en el tiempo... a pie\">Un viaje en el tiempo... a pie<\/a><\/li><\/ul><\/li> <li ><a class=\"jaw_month jaw_symbol_wrapper\" href=\"https:\/\/mafran.es\/en\/2014\/02\/\" title=\"February\"><span class=\"jaw_symbol\">\u25ba<\/span>&nbsp;<span class=\"month\">February (2)<\/span><\/a><ul class=\"jal-hide\"><li ><a class=\"jw_post\" href=\"https:\/\/mafran.es\/en\/el-ejemplo-sencillo\/\" title=\"El ejemplo sencillo.\">El ejemplo sencillo.<\/a><\/li><li ><a class=\"jw_post\" href=\"https:\/\/mafran.es\/en\/si-lo-se-me-callo\/\" title=\"Si lo se, me callo\">Si lo se, me callo<\/a><\/li><\/ul><\/li> <li ><a class=\"jaw_month jaw_symbol_wrapper\" href=\"https:\/\/mafran.es\/en\/2014\/01\/\" title=\"January\"><span class=\"jaw_symbol\">\u25ba<\/span>&nbsp;<span class=\"month\">January (1)<\/span><\/a><ul class=\"jal-hide\"><li ><a class=\"jw_post\" href=\"https:\/\/mafran.es\/en\/rumiando-para-salvar-vidas\/\" title=\"Rumiando para salvar vidas\">Rumiando para salvar vidas<\/a><\/li><\/ul><\/li> <\/ul><\/li><li ><a class=\"jaw_year jaw_symbol_wrapper\" title=\"2013\" href=\"https:\/\/mafran.es\/en\/2013\/\"><span class=\"jaw_symbol\">\u25ba<\/span><span class=\"year\">2013 (30)<\/span><\/a><ul class=\"jaw_months jal-hide\"><li ><a class=\"jaw_month jaw_symbol_wrapper\" href=\"https:\/\/mafran.es\/en\/2013\/12\/\" title=\"December\"><span class=\"jaw_symbol\">\u25ba<\/span>&nbsp;<span class=\"month\">December (2)<\/span><\/a><ul class=\"jal-hide\"><li ><a class=\"jw_post\" href=\"https:\/\/mafran.es\/en\/el-germen-de-un-simbolo-universa\/\" title=\"El germen de un s\u00edmbolo universal.\">El germen de un s\u00edmbolo universal.<\/a><\/li><li ><a class=\"jw_post\" href=\"https:\/\/mafran.es\/en\/de-secundario-leyenda\/\" title=\"De secundario a leyenda\">De secundario a leyenda<\/a><\/li><\/ul><\/li> <li ><a class=\"jaw_month jaw_symbol_wrapper\" href=\"https:\/\/mafran.es\/en\/2013\/11\/\" title=\"November\"><span class=\"jaw_symbol\">\u25ba<\/span>&nbsp;<span class=\"month\">November (5)<\/span><\/a><ul class=\"jal-hide\"><li ><a class=\"jw_post\" href=\"https:\/\/mafran.es\/en\/justicia-o-equidad\/\" title=\"Justicia o Equidad\">Justicia o Equidad<\/a><\/li><li ><a class=\"jw_post\" href=\"https:\/\/mafran.es\/en\/genio-e-ingenio-por-la-simpleza\/\" title=\"Genio e ingenio por la simpleza.\">Genio e ingenio por la simpleza.<\/a><\/li><li ><a class=\"jw_post\" href=\"https:\/\/mafran.es\/en\/la-necesidad-del-enemigo\/\" title=\"La necesidad del enemigo\">La necesidad del enemigo<\/a><\/li><li ><a class=\"jw_post\" href=\"https:\/\/mafran.es\/en\/infalible-pero-menos\/\" title=\"Infalible pero menos\">Infalible pero menos<\/a><\/li><li ><a class=\"jw_post\" href=\"https:\/\/mafran.es\/en\/rodando-por-el-espacio\/\" title=\"Rodando por el espacio\">Rodando por el espacio<\/a><\/li><\/ul><\/li> <li ><a class=\"jaw_month jaw_symbol_wrapper\" href=\"https:\/\/mafran.es\/en\/2013\/10\/\" title=\"October\"><span class=\"jaw_symbol\">\u25ba<\/span>&nbsp;<span class=\"month\">October (3)<\/span><\/a><ul class=\"jal-hide\"><li ><a class=\"jw_post\" href=\"https:\/\/mafran.es\/en\/una-republica-de-otro-tiempo\/\" title=\"Una rep\u00fablica de otro tiempo\">Una rep\u00fablica de otro tiempo<\/a><\/li><li ><a class=\"jw_post\" href=\"https:\/\/mafran.es\/en\/un-ejemplo-de-gestion-de-la-diversidad\/\" title=\"Un ejemplo de gesti\u00f3n de la diversidad\">Un ejemplo de gesti\u00f3n de la diversidad<\/a><\/li><li ><a class=\"jw_post\" href=\"https:\/\/mafran.es\/en\/un-invento-casual-hoy-imprescindible\/\" title=\"Un invento casual hoy imprescindible.\">Un invento casual hoy imprescindible.<\/a><\/li><\/ul><\/li> <li ><a class=\"jaw_month jaw_symbol_wrapper\" href=\"https:\/\/mafran.es\/en\/2013\/09\/\" title=\"September\"><span class=\"jaw_symbol\">\u25ba<\/span>&nbsp;<span class=\"month\">September (3)<\/span><\/a><ul class=\"jal-hide\"><li ><a class=\"jw_post\" href=\"https:\/\/mafran.es\/en\/administrar-a-clientes\/\" title=\"Administrar a clientes\">Administrar a clientes<\/a><\/li><li ><a class=\"jw_post\" href=\"https:\/\/mafran.es\/en\/un-presidente-diferente-un-mundo\/\" title=\"Un presidente diferente. Un mundo diferente.\">Un presidente diferente. Un mundo diferente.<\/a><\/li><li ><a class=\"jw_post\" href=\"https:\/\/mafran.es\/en\/ciudadanos-de-segunda\/\" title=\"Ciudadanos de segunda\">Ciudadanos de segunda<\/a><\/li><\/ul><\/li> <li ><a class=\"jaw_month jaw_symbol_wrapper\" href=\"https:\/\/mafran.es\/en\/2013\/08\/\" title=\"August\"><span class=\"jaw_symbol\">\u25ba<\/span>&nbsp;<span class=\"month\">August (3)<\/span><\/a><ul class=\"jal-hide\"><li ><a class=\"jw_post\" href=\"https:\/\/mafran.es\/en\/gusano-en-invierno-planta-en-verano\/\" title=\"Gusano en invierno, planta en verano\">Gusano en invierno, planta en verano<\/a><\/li><li ><a class=\"jw_post\" href=\"https:\/\/mafran.es\/en\/la-unica-frontera-terrestre-de-la\/\" title=\"La \u00fanica frontera terrestre de la Espa\u00f1a peninsular\">La \u00fanica frontera terrestre de la Espa\u00f1a peninsular<\/a><\/li><li ><a class=\"jw_post\" href=\"https:\/\/mafran.es\/en\/equilibrio-de-nash-sobre-el-sistema-portuario-espanol\/\" title=\"Equilibrio de Nash sobre el sistema portuario espa\u00f1ol\">Equilibrio de Nash sobre el sistema portuario espa\u00f1ol<\/a><\/li><\/ul><\/li> <li ><a class=\"jaw_month jaw_symbol_wrapper\" href=\"https:\/\/mafran.es\/en\/2013\/07\/\" title=\"July\"><span class=\"jaw_symbol\">\u25ba<\/span>&nbsp;<span class=\"month\">July (4)<\/span><\/a><ul class=\"jal-hide\"><li ><a class=\"jw_post\" href=\"https:\/\/mafran.es\/en\/alejados-de-su-propio-pais\/\" title=\"Alejados de su propio pa\u00eds.\">Alejados de su propio pa\u00eds.<\/a><\/li><li ><a class=\"jw_post\" href=\"https:\/\/mafran.es\/en\/cambiar-el-mundo\/\" title=\"Cambiar el mundo\">Cambiar el mundo<\/a><\/li><li ><a class=\"jw_post\" href=\"https:\/\/mafran.es\/en\/la-mujer-que-cambio-la-historia-sin\/\" title=\"La mujer que cambi\u00f3 la historia sin hacer ruido.\">La mujer que cambi\u00f3 la historia sin hacer ruido.<\/a><\/li><li ><a class=\"jw_post\" href=\"https:\/\/mafran.es\/en\/1000-veces-mentira\/\" title=\"1000 veces mentira\">1000 veces mentira<\/a><\/li><\/ul><\/li> <li ><a class=\"jaw_month jaw_symbol_wrapper\" href=\"https:\/\/mafran.es\/en\/2013\/06\/\" title=\"June\"><span class=\"jaw_symbol\">\u25ba<\/span>&nbsp;<span class=\"month\">June (3)<\/span><\/a><ul class=\"jal-hide\"><li ><a class=\"jw_post\" href=\"https:\/\/mafran.es\/en\/los-nombre-los-pone-el-pueblo\/\" title=\"Los nombre los pone el pueblo\">Los nombre los pone el pueblo<\/a><\/li><li ><a class=\"jw_post\" href=\"https:\/\/mafran.es\/en\/la-volatilidad-de-las-fronteras-estados\/\" title=\"La volatilidad de las fronteras: Estados ef\u00edmeros.\">La volatilidad de las fronteras: Estados ef\u00edmeros.<\/a><\/li><li ><a class=\"jw_post\" href=\"https:\/\/mafran.es\/en\/cayendose-continuamente-sobre-nuestras\/\" title=\"Cay\u00e9ndose continuamente sobre nuestras cabezas.\">Cay\u00e9ndose continuamente sobre nuestras cabezas.<\/a><\/li><\/ul><\/li> <li ><a class=\"jaw_month jaw_symbol_wrapper\" href=\"https:\/\/mafran.es\/en\/2013\/05\/\" title=\"May\"><span class=\"jaw_symbol\">\u25ba<\/span>&nbsp;<span class=\"month\">May (2)<\/span><\/a><ul class=\"jal-hide\"><li ><a class=\"jw_post\" href=\"https:\/\/mafran.es\/en\/un-reino-fantastico-que-acabo-siendo\/\" title=\"Un reino fant\u00e1stico que acab\u00f3 siendo realidad\">Un reino fant\u00e1stico que acab\u00f3 siendo realidad<\/a><\/li><li ><a class=\"jw_post\" href=\"https:\/\/mafran.es\/en\/los-efectos-de-la-historia-puertos-sin\/\" title=\"Los efectos de la historia. Puertos sin agua.\">Los efectos de la historia. Puertos sin agua.<\/a><\/li><\/ul><\/li> <li ><a class=\"jaw_month jaw_symbol_wrapper\" href=\"https:\/\/mafran.es\/en\/2013\/04\/\" title=\"April\"><span class=\"jaw_symbol\">\u25ba<\/span>&nbsp;<span class=\"month\">April (4)<\/span><\/a><ul class=\"jal-hide\"><li ><a class=\"jw_post\" href=\"https:\/\/mafran.es\/en\/vivir-con-fosiles\/\" title=\"Vivir con f\u00f3siles\">Vivir con f\u00f3siles<\/a><\/li><li ><a class=\"jw_post\" href=\"https:\/\/mafran.es\/en\/una-mecha-de-espaldas-al-pueblo\/\" title=\"Una mecha de espaldas al pueblo.\">Una mecha de espaldas al pueblo.<\/a><\/li><li ><a class=\"jw_post\" href=\"https:\/\/mafran.es\/en\/mas-anos-que-matusalen-ella-lo-consiguio\/\" title=\"M\u00e1s a\u00f1os que Matusal\u00e9n (ella lo consigui\u00f3).\">M\u00e1s a\u00f1os que Matusal\u00e9n (ella lo consigui\u00f3).<\/a><\/li><li ><a class=\"jw_post\" href=\"https:\/\/mafran.es\/en\/demasiado-humilde-para-ser-nobe\/\" title=\"Demasiado humilde para ser Nobel.\">Demasiado humilde para ser Nobel.<\/a><\/li><\/ul><\/li> <li ><a class=\"jaw_month jaw_symbol_wrapper\" href=\"https:\/\/mafran.es\/en\/2013\/03\/\" title=\"March\"><span class=\"jaw_symbol\">\u25ba<\/span>&nbsp;<span class=\"month\">March (1)<\/span><\/a><ul class=\"jal-hide\"><li ><a class=\"jw_post\" href=\"https:\/\/mafran.es\/en\/algo-que-nos-une-casi-todos\/\" title=\"Algo que nos une... a casi todos.\">Algo que nos une... a casi todos.<\/a><\/li><\/ul><\/li> <\/ul><\/li><li ><a class=\"jaw_year jaw_symbol_wrapper\" title=\"2012\" href=\"https:\/\/mafran.es\/en\/2012\/\"><span class=\"jaw_symbol\">\u25ba<\/span><span class=\"year\">2012 (16)<\/span><\/a><ul class=\"jaw_months jal-hide\"><li ><a class=\"jaw_month jaw_symbol_wrapper\" href=\"https:\/\/mafran.es\/en\/2012\/12\/\" title=\"December\"><span class=\"jaw_symbol\">\u25ba<\/span>&nbsp;<span class=\"month\">December (1)<\/span><\/a><ul class=\"jal-hide\"><li ><a class=\"jw_post\" href=\"https:\/\/mafran.es\/en\/las-islas-sin-dueno-desmontando-un-bulo\/\" title=\"Las islas sin due\u00f1o: desmontando un bulo\">Las islas sin due\u00f1o: desmontando un bulo<\/a><\/li><\/ul><\/li> <li ><a class=\"jaw_month jaw_symbol_wrapper\" href=\"https:\/\/mafran.es\/en\/2012\/05\/\" title=\"May\"><span class=\"jaw_symbol\">\u25ba<\/span>&nbsp;<span class=\"month\">May (1)<\/span><\/a><ul class=\"jal-hide\"><li ><a class=\"jw_post\" href=\"https:\/\/mafran.es\/en\/la-mas-sencilla-de-todas\/\" title=\"La m\u00e1s sencilla de todas\">La m\u00e1s sencilla de todas<\/a><\/li><\/ul><\/li> <li ><a class=\"jaw_month jaw_symbol_wrapper\" href=\"https:\/\/mafran.es\/en\/2012\/04\/\" title=\"April\"><span class=\"jaw_symbol\">\u25ba<\/span>&nbsp;<span class=\"month\">April (2)<\/span><\/a><ul class=\"jal-hide\"><li ><a class=\"jw_post\" href=\"https:\/\/mafran.es\/en\/un-tipo-alto-de-miras\/\" title=\"Un tipo alto de miras\">Un tipo alto de miras<\/a><\/li><li ><a class=\"jw_post\" href=\"https:\/\/mafran.es\/en\/las-columnas-de-un-dios\/\" title=\"Las columnas de un dios\">Las columnas de un dios<\/a><\/li><\/ul><\/li> <li ><a class=\"jaw_month jaw_symbol_wrapper\" href=\"https:\/\/mafran.es\/en\/2012\/03\/\" title=\"March\"><span class=\"jaw_symbol\">\u25ba<\/span>&nbsp;<span class=\"month\">March (4)<\/span><\/a><ul class=\"jal-hide\"><li ><a class=\"jw_post\" href=\"https:\/\/mafran.es\/en\/hacia-donde-vamos\/\" title=\"\u00bfHacia d\u00f3nde vamos?\">\u00bfHacia d\u00f3nde vamos?<\/a><\/li><li ><a class=\"jw_post\" href=\"https:\/\/mafran.es\/en\/saber-hablar-es-importante\/\" title=\"Saber hablar es importante\">Saber hablar es importante<\/a><\/li><li ><a class=\"jw_post\" href=\"https:\/\/mafran.es\/en\/con-oir-no-basta\/\" title=\"Con o\u00edr no basta\">Con o\u00edr no basta<\/a><\/li><li ><a class=\"jw_post\" href=\"https:\/\/mafran.es\/en\/bombillas-lo-lejos\/\" title=\"Bombillas a lo lejos\">Bombillas a lo lejos<\/a><\/li><\/ul><\/li> <li ><a class=\"jaw_month jaw_symbol_wrapper\" href=\"https:\/\/mafran.es\/en\/2012\/02\/\" title=\"February\"><span class=\"jaw_symbol\">\u25ba<\/span>&nbsp;<span class=\"month\">February (4)<\/span><\/a><ul class=\"jal-hide\"><li ><a class=\"jw_post\" href=\"https:\/\/mafran.es\/en\/dificil-de-leer\/\" title=\"Dif\u00edcil de leer\">Dif\u00edcil de leer<\/a><\/li><li ><a class=\"jw_post\" href=\"https:\/\/mafran.es\/en\/solo-hombres-por-favor\/\" title=\"S\u00f3lo hombres, por favor\">S\u00f3lo hombres, por favor<\/a><\/li><li ><a class=\"jw_post\" href=\"https:\/\/mafran.es\/en\/internet-les-cambio-la-vida\/\" title=\"Internet les cambi\u00f3 la vida\">Internet les cambi\u00f3 la vida<\/a><\/li><li ><a class=\"jw_post\" href=\"https:\/\/mafran.es\/en\/majestuosidad-hecha-puente\/\" title=\"Majestuosidad hecha puente\">Majestuosidad hecha puente<\/a><\/li><\/ul><\/li> <li ><a class=\"jaw_month jaw_symbol_wrapper\" href=\"https:\/\/mafran.es\/en\/2012\/01\/\" title=\"January\"><span class=\"jaw_symbol\">\u25ba<\/span>&nbsp;<span class=\"month\">January (4)<\/span><\/a><ul class=\"jal-hide\"><li ><a class=\"jw_post\" href=\"https:\/\/mafran.es\/en\/un-sistema-musical-de-ingenieros\/\" title=\"Un sistema musical de ingenieros.\">Un sistema musical de ingenieros.<\/a><\/li><li ><a class=\"jw_post\" href=\"https:\/\/mafran.es\/en\/los-ultimos-con-honra\/\" title=\"Los \u00faltimos con honra\">Los \u00faltimos con honra<\/a><\/li><li ><a class=\"jw_post\" href=\"https:\/\/mafran.es\/en\/un-pendulo-para-demostrar-que-giramos\/\" title=\"Un p\u00e9ndulo para demostrar que giramos\">Un p\u00e9ndulo para demostrar que giramos<\/a><\/li><li ><a class=\"jw_post\" href=\"https:\/\/mafran.es\/en\/solido-liquido-o-gaseoso\/\" title=\"S\u00f3lido, L\u00edquido o Gaseoso\">S\u00f3lido, L\u00edquido o Gaseoso<\/a><\/li><\/ul><\/li> <\/ul><\/li><li ><a class=\"jaw_year jaw_symbol_wrapper\" title=\"2011\" href=\"https:\/\/mafran.es\/en\/2011\/\"><span class=\"jaw_symbol\">\u25ba<\/span><span class=\"year\">2011 (4)<\/span><\/a><ul class=\"jaw_months jal-hide\"><li ><a class=\"jaw_month jaw_symbol_wrapper\" href=\"https:\/\/mafran.es\/en\/2011\/12\/\" title=\"December\"><span class=\"jaw_symbol\">\u25ba<\/span>&nbsp;<span class=\"month\">December (4)<\/span><\/a><ul class=\"jal-hide\"><li ><a class=\"jw_post\" href=\"https:\/\/mafran.es\/en\/cuando-no-se-reduce-la-energia\/\" title=\"Cuando no se reduce la energ\u00eda\">Cuando no se reduce la energ\u00eda<\/a><\/li><li ><a class=\"jw_post\" href=\"https:\/\/mafran.es\/en\/un-debate-extrano-un-duelo-de-altura\/\" title=\"Un debate extra\u00f1o. Un duelo de altura\">Un debate extra\u00f1o. Un duelo de altura<\/a><\/li><li ><a class=\"jw_post\" href=\"https:\/\/mafran.es\/en\/dos-mares-diferentes-dos-alturas\/\" title=\"Dos mares diferentes, dos alturas diferentes\">Dos mares diferentes, dos alturas diferentes<\/a><\/li><li ><a class=\"jw_post\" href=\"https:\/\/mafran.es\/en\/juegos-matematicos-que-terminan\/\" title=\"Juegos Matem\u00e1ticos que terminan gobern\u00e1ndonos\">Juegos Matem\u00e1ticos que terminan gobern\u00e1ndonos<\/a><\/li><\/ul><\/li> <\/ul><\/li><li ><a class=\"jaw_year jaw_symbol_wrapper\" title=\"2010\" href=\"https:\/\/mafran.es\/en\/2010\/\"><span class=\"jaw_symbol\">\u25ba<\/span><span class=\"year\">2010 (34)<\/span><\/a><ul class=\"jaw_months jal-hide\"><li ><a class=\"jaw_month jaw_symbol_wrapper\" href=\"https:\/\/mafran.es\/en\/2010\/06\/\" title=\"June\"><span class=\"jaw_symbol\">\u25ba<\/span>&nbsp;<span class=\"month\">June (3)<\/span><\/a><ul class=\"jal-hide\"><li ><a class=\"jw_post\" href=\"https:\/\/mafran.es\/en\/aqui-me-sobran-unos-bits-que-ponemos\/\" title=\"Aqu\u00ed me sobran unos bits, \u00bfqu\u00e9 ponemos? Pon datos de usuario, por ejemplo.\">Aqu\u00ed me sobran unos bits, \u00bfqu\u00e9 ponemos? Pon datos de usuario, por ejemplo.<\/a><\/li><li ><a class=\"jw_post\" href=\"https:\/\/mafran.es\/en\/12-notas-irreales\/\" title=\"12 notas irreales\">12 notas irreales<\/a><\/li><li ><a class=\"jw_post\" href=\"https:\/\/mafran.es\/en\/toros-en-tricolor\/\" title=\"Toros en Tricolor\">Toros en Tricolor<\/a><\/li><\/ul><\/li> <li ><a class=\"jaw_month jaw_symbol_wrapper\" href=\"https:\/\/mafran.es\/en\/2010\/05\/\" title=\"May\"><span class=\"jaw_symbol\">\u25ba<\/span>&nbsp;<span class=\"month\">May (5)<\/span><\/a><ul class=\"jal-hide\"><li ><a class=\"jw_post\" href=\"https:\/\/mafran.es\/en\/las-islas-vendidas\/\" title=\"Las islas vendidas\">Las islas vendidas<\/a><\/li><li ><a class=\"jw_post\" href=\"https:\/\/mafran.es\/en\/vayase-usted-a\/\" title=\"V\u00e1yase usted al...\">V\u00e1yase usted al...<\/a><\/li><li ><a class=\"jw_post\" href=\"https:\/\/mafran.es\/en\/un-medicamento-con-una-segunda\/\" title=\"Un medicamento con una segunda oportunidad\">Un medicamento con una segunda oportunidad<\/a><\/li><li ><a class=\"jw_post\" href=\"https:\/\/mafran.es\/en\/el-rey-efimero\/\" title=\"El Rey ef\u00edmero\">El Rey ef\u00edmero<\/a><\/li><li ><a class=\"jw_post\" href=\"https:\/\/mafran.es\/en\/una-batalla-de-la-sierra-de-sevilla\/\" title=\"Una batalla de la Sierra de Sevilla\">Una batalla de la Sierra de Sevilla<\/a><\/li><\/ul><\/li> <li ><a class=\"jaw_month jaw_symbol_wrapper\" href=\"https:\/\/mafran.es\/en\/2010\/04\/\" title=\"April\"><span class=\"jaw_symbol\">\u25ba<\/span>&nbsp;<span class=\"month\">April (8)<\/span><\/a><ul class=\"jal-hide\"><li ><a class=\"jw_post\" href=\"https:\/\/mafran.es\/en\/un-teorema-casi-irresoluble\/\" title=\"Un teorema casi irresoluble\">Un teorema casi irresoluble<\/a><\/li><li ><a class=\"jw_post\" href=\"https:\/\/mafran.es\/en\/la-tierra-verde\/\" title=\"La tierra verde\">La tierra verde<\/a><\/li><li ><a class=\"jw_post\" href=\"https:\/\/mafran.es\/en\/girando-la-derecha-girando-la-izquierda\/\" title=\"Girando a la derecha, girando a la izquierda\">Girando a la derecha, girando a la izquierda<\/a><\/li><li ><a class=\"jw_post\" href=\"https:\/\/mafran.es\/en\/un-escritor-en-negro\/\" title=\"Un escritor en negro\">Un escritor en negro<\/a><\/li><li ><a class=\"jw_post\" href=\"https:\/\/mafran.es\/en\/una-mirada-hacia-el-pasado\/\" title=\"Una mirada hacia el pasado\">Una mirada hacia el pasado<\/a><\/li><li ><a class=\"jw_post\" href=\"https:\/\/mafran.es\/en\/una-curva-sin-fin\/\" title=\"Una curva sin fin\">Una curva sin fin<\/a><\/li><li ><a class=\"jw_post\" href=\"https:\/\/mafran.es\/en\/los-penones-espanoles\/\" title=\"Los pe\u00f1ones espa\u00f1oles\">Los pe\u00f1ones espa\u00f1oles<\/a><\/li><li ><a class=\"jw_post\" href=\"https:\/\/mafran.es\/en\/un-desorden-que-salvo-vidas\/\" title=\"Un desorden que salv\u00f3 vidas\">Un desorden que salv\u00f3 vidas<\/a><\/li><\/ul><\/li> <li ><a class=\"jaw_month jaw_symbol_wrapper\" href=\"https:\/\/mafran.es\/en\/2010\/03\/\" title=\"March\"><span class=\"jaw_symbol\">\u25ba<\/span>&nbsp;<span class=\"month\">March (12)<\/span><\/a><ul class=\"jal-hide\"><li ><a class=\"jw_post\" href=\"https:\/\/mafran.es\/en\/enclaves-en-tierra-de-nadie\/\" title=\"Enclaves, en tierra de nadie.\">Enclaves, en tierra de nadie.<\/a><\/li><li ><a class=\"jw_post\" href=\"https:\/\/mafran.es\/en\/los-espanoles-tambien-damos-heroes\/\" title=\"Los espa\u00f1oles tambi\u00e9n damos h\u00e9roes\">Los espa\u00f1oles tambi\u00e9n damos h\u00e9roes<\/a><\/li><li ><a class=\"jw_post\" href=\"https:\/\/mafran.es\/en\/la-responsable-del-desagravio-pluton\/\" title=\"La responsable del desagravio a Plut\u00f3n\">La responsable del desagravio a Plut\u00f3n<\/a><\/li><li ><a class=\"jw_post\" href=\"https:\/\/mafran.es\/en\/el-primer-animal-en-un-altavoz\/\" title=\"El primer animal en un altavoz\">El primer animal en un altavoz<\/a><\/li><li ><a class=\"jw_post\" href=\"https:\/\/mafran.es\/en\/la-cima-del-barroco-portugues\/\" title=\"La cima del barroco portugu\u00e9s\">La cima del barroco portugu\u00e9s<\/a><\/li><li ><a class=\"jw_post\" href=\"https:\/\/mafran.es\/en\/cuando-el-cieno-significa-empeno\/\" title=\"Cuando el cieno significa empe\u00f1o\">Cuando el cieno significa empe\u00f1o<\/a><\/li><li ><a class=\"jw_post\" href=\"https:\/\/mafran.es\/en\/una-nuez-en-el-espacio\/\" title=\"Una nuez en el espacio\">Una nuez en el espacio<\/a><\/li><li ><a class=\"jw_post\" href=\"https:\/\/mafran.es\/en\/el-origen-de-nuestra-identidad\/\" title=\"El origen de nuestra identidad\">El origen de nuestra identidad<\/a><\/li><li ><a class=\"jw_post\" href=\"https:\/\/mafran.es\/en\/un-desierto-para-quedarse-ciego\/\" title=\"Un desierto para quedarse ciego\">Un desierto para quedarse ciego<\/a><\/li><li ><a class=\"jw_post\" href=\"https:\/\/mafran.es\/en\/yo-naci-el-13-de-octubre-de-1582\/\" title=\"Yo nac\u00ed el 13 de octubre de 1582... \u00a1\u00a1Mentiroso!!\">Yo nac\u00ed el 13 de octubre de 1582... \u00a1\u00a1Mentiroso!!<\/a><\/li><li ><a class=\"jw_post\" href=\"https:\/\/mafran.es\/en\/conflicto-en-olivenza\/\" title=\"Cuesti\u00f3n de Olivenza\">Cuesti\u00f3n de Olivenza<\/a><\/li><li ><a class=\"jw_post\" href=\"https:\/\/mafran.es\/en\/las-ingenieras-de-la-naturaleza\/\" title=\"Las ingenieras de la naturaleza\">Las ingenieras de la naturaleza<\/a><\/li><\/ul><\/li> <li ><a class=\"jaw_month jaw_symbol_wrapper\" href=\"https:\/\/mafran.es\/en\/2010\/02\/\" title=\"February\"><span class=\"jaw_symbol\">\u25ba<\/span>&nbsp;<span class=\"month\">February (6)<\/span><\/a><ul class=\"jal-hide\"><li ><a class=\"jw_post\" href=\"https:\/\/mafran.es\/en\/la-mas-grande-entre-las-pequenas\/\" title=\"La m\u00e1s grande entre las peque\u00f1as\">La m\u00e1s grande entre las peque\u00f1as<\/a><\/li><li ><a class=\"jw_post\" href=\"https:\/\/mafran.es\/en\/el-primer-ferrocarril-espano\/\" title=\"El primer ferrocarril espa\u00f1ol\">El primer ferrocarril espa\u00f1ol<\/a><\/li><li ><a class=\"jw_post\" href=\"https:\/\/mafran.es\/en\/como-ganar-seguro-la-primitiva\/\" title=\"Cuando es posible ganar a la primitiva\">Cuando es posible ganar a la primitiva<\/a><\/li><li ><a class=\"jw_post\" href=\"https:\/\/mafran.es\/en\/banderas-y-reyes-ceuta-es-espanola\/\" title=\"Banderas y Reyes. Ceuta es espa\u00f1ola.\">Banderas y Reyes. Ceuta es espa\u00f1ola.<\/a><\/li><li ><a class=\"jw_post\" href=\"https:\/\/mafran.es\/en\/un-lugar-para-perderse-o-no\/\" title=\"Un lugar para perderse... o no.\">Un lugar para perderse... o no.<\/a><\/li><li ><a class=\"jw_post\" href=\"https:\/\/mafran.es\/en\/cuba-puerto-rico-filipinas-y-gua\/\" title=\"Cuba, Puerto Rico, Filipinas y... \u00bfGUAM?\">Cuba, Puerto Rico, Filipinas y... \u00bfGUAM?<\/a><\/li><\/ul><\/li> <\/ul><\/li><li ><a class=\"jaw_year jaw_symbol_wrapper\" title=\"1900\" href=\"https:\/\/mafran.es\/en\/1900\/\"><span class=\"jaw_symbol\">\u25ba<\/span><span class=\"year\">1900 (2)<\/span><\/a><ul class=\"jaw_months jal-hide\"><li ><a class=\"jaw_month jaw_symbol_wrapper\" href=\"https:\/\/mafran.es\/en\/1900\/10\/\" title=\"October\"><span class=\"jaw_symbol\">\u25ba<\/span>&nbsp;<span class=\"month\">October (2)<\/span><\/a><ul class=\"jal-hide\"><li ><a class=\"jw_post\" href=\"https:\/\/mafran.es\/en\/misreflexiones\/\" title=\"Reflexiones\">Reflexiones<\/a><\/li><li ><a class=\"jw_post\" href=\"https:\/\/mafran.es\/en\/quien-soy\/\" title=\"Quien Soy\">Quien Soy<\/a><\/li><\/ul><\/li> <\/ul><\/li><\/ul><\/div><\/div><div id=\"pgc-323-0-1\"  class=\"panel-grid-cell\" ><div id=\"panel-323-0-1-0\" class=\"so-panel widget widget_sow-editor panel-first-child panel-last-child\" data-index=\"2\" ><div\n\t\t\t\n\t\t\tclass=\"so-widget-sow-editor so-widget-sow-editor-base\"\n\t\t\t\n\t\t>\n<div class=\"siteorigin-widget-tinymce textwidget\">\n\t<div class=\"pt-cv-wrapper\">\n<div class=\"pt-cv-view pt-cv-grid pt-cv-colsys\" id=\"pt-cv-view-507fa7df61\">\n<div data-id=\"pt-cv-page-1\" class=\"pt-cv-page\" data-cvc=\"1\">\n<div class=\"col-md-12 col-sm-12 col-xs-12 pt-cv-content-item pt-cv-2-col\" >\n<div class='pt-cv-ifield'><a href=\"https:\/\/mafran.es\/en\/un-billete-fuera-de-su-tiempo\/\" class=\"_self pt-cv-href-thumbnail pt-cv-thumb-left\" target=\"_self\" ><img loading=\"lazy\" decoding=\"async\" width=\"200\" height=\"131\" src=\"https:\/\/mafran.es\/wp-content\/uploads\/2017\/02\/billeteAlvarezFlorez.jpg\" class=\"pt-cv-thumbnail pull-left\" alt=\"\" \/><\/a><\/p>\n<h5 class=\"pt-cv-title\"><a href=\"https:\/\/mafran.es\/en\/un-billete-fuera-de-su-tiempo\/\" class=\"_self\" target=\"_self\" >Un billete fuera de su tiempo<\/a><\/h5>\n<div class=\"pt-cv-content\">Una de las aficiones que m\u00e1s me han gustado de siempre es la colecci\u00f3n de billetes antiguos. Lamentablemente no tengo muchos, pero cuando cae en mis manos un libro cat\u00e1logo lo leo con avidez, viendo las curiosidades de los billetes. Generalmente los billetes representan personas del pasado (s\u00f3lo los reyes vigentes son representados en alguno de ellos) y normalmente, personas que han sido afines al r\u00e9gimen de turno o artistas. Casi hubo una excepci\u00f3n, pues D. Santiago Ram\u00f3n y Cajal apareci\u00f3 en un billete s\u00f3lo unos meses despu\u00e9s de morir, en 1935. Lamentablemente, ese billete dur\u00f3 en circulaci\u00f3n bien poco. Todos sabemos lo que pas\u00f3 al a\u00f1o siguiente. Sin embargo, revisando un cat\u00e1logo, me he topado con una magn\u00edfica incongruencia. Un billete fuera de su tiempo, con un personaje que no pega con el tiempo en que fue emitido. El billete en cuesti\u00f3n fue emitido en 1946, con valor de 25 pesetas. Estamos en la \u00e9poca m\u00e1s dura del franquismo, con carencia absoluta de libertad, y casi de medios, a\u00fan con las cartillas de racionamiento, con la izquierda exiliada y perseguida y con la Iglesia presente en todos los \u00f3rganos de gesti\u00f3n del estado. Pues bien, en ese billete aparece un personaje que ahora mismo es poco conocido: D. Alvaro Florez Estrada. \u00bfY quien fue este personaje? Ve\u00e1moslo. Alvaro Fl\u00f3rez Estrada naci\u00f3 en un pueblo al que le tengo especial cari\u00f1o, Pola de Somiedo (era el pueblo del padre de un gran amigo) en 1766. Estudi\u00f3 derecho, pero era un liberal y un ilustrado y en esa \u00e9poca, el conocimiento llamaba al conocimiento. Con s\u00f3lo 29 a\u00f1os ya estaba en Madrid gestionando cuentas p\u00fablicas cuando Godoy lo desterr\u00f3 a Asturias por ser af\u00edn a la revoluci\u00f3n francesa. Se especializ\u00f3 en econom\u00eda y en 1808, cuando estall\u00f3 la guerra de la ...<\/p>\n<div class=\"pt-cv-rmwrap\"><a href=\"https:\/\/mafran.es\/en\/un-billete-fuera-de-su-tiempo\/\" class=\"_self pt-cv-readmore btn btn-success\" target=\"_self\">Leer M\u00e1s<\/a><\/div>\n<\/div>\n<div class=\"pt-cv-meta-fields\"><span class=\"entry-date\"> <time datetime=\"2017-02-01T14:35:00+00:00\">February 1, 2017<\/time><\/span><span> \/ <\/span><span class=\"author\"> <a href=\"https:\/\/mafran.es\/en\/author\/mafran\/\" rel=\"author\">mafran<\/a><\/span><span> \/ <\/span><span class=\"terms\"> <a href='https:\/\/mafran.es\/en\/tag\/historia\/' title='Historia' class='pt-cv-tax-historia'>Historia<\/a>, <a href='https:\/\/mafran.es\/en\/category\/no-puedo-dormir-sin-saber-esto\/historia\/' title='Historia' class='pt-cv-tax-historia'>Historia<\/a>, <a href='https:\/\/mafran.es\/en\/category\/no-puedo-dormir-sin-saber-esto\/' title='No Puedo Dormir Sin Saber Esto' class='pt-cv-tax-no-puedo-dormir-sin-saber-esto'>No Puedo Dormir Sin Saber Esto<\/a><\/span><\/div>\n<\/div>\n<\/div>\n<div class=\"col-md-12 col-sm-12 col-xs-12 pt-cv-content-item pt-cv-2-col\" >\n<div class='pt-cv-ifield'><a href=\"https:\/\/mafran.es\/en\/la-lengua-de-cerbantes\/\" class=\"_self pt-cv-href-thumbnail pt-cv-thumb-left\" target=\"_self\" ><img loading=\"lazy\" decoding=\"async\" width=\"200\" height=\"106\" src=\"https:\/\/mafran.es\/wp-content\/uploads\/2017\/01\/DOTAL.png\" class=\"pt-cv-thumbnail pull-left\" alt=\"\" \/><\/a><\/p>\n<h5 class=\"pt-cv-title\"><a href=\"https:\/\/mafran.es\/en\/la-lengua-de-cerbantes\/\" class=\"_self\" target=\"_self\" >La lengua de Cerbantes<\/a><\/h5>\n<div class=\"pt-cv-content\">S\u00ed, lo he escrito con \u00abb\u00bb. Hace no mucho, un amigo lo escribi\u00f3 asi y le pregunt\u00e9 y me dijo que era tal como lo escrib\u00eda \u00e9l. Muy interesante me parecio la cuesti\u00f3n y me quede con las ganas de ver por qu\u00e9 \u00e9l mismo lo escrib\u00eda con \u00abb\u00bb, cuando hoy en d\u00eda todos lo conocemos con \u00abv\u00bb. Vayamos a su tiempo y a las normas que imperaban en ese momento: D. Miguel escribi\u00f3 la primera parte del Quijote en 1605. En esa \u00e9poca a\u00fan no se hab\u00eda creado la Real Academia Espa\u00f1ola (la RAE), que fue fundada en 1713 (y curiosamente, por un franc\u00e9s, el reci\u00e9n estrenado rey borb\u00f3n Felipe V). Las normas ortogr\u00e1ficas se segu\u00edan por la costumbre, aunque ya hab\u00eda tratados que intentaban fijar las normas. El primer tratado se escribi\u00f3 por un lebrijano, Elio Antonio de Nebrija en un a\u00f1o clave para este pa\u00eds, 1492 (cuantas cosas pasaron ese a\u00f1o, \u00bfverdad?). En ese tratado, primer tratado ling\u00fc\u00edstico de las lenguas romances, Nebrija escribi\u00f3 las leyes b\u00e1sicas del espa\u00f1ol que perduran hasta hoy. La norma b\u00e1sica es que \u00abse escribe como se pronuncia\u00bb, aunque \u00e9l mismo indica en su libro que, a pesar de que es posible leer de forma un\u00edvoca la palabra, no es sino la costumbre la que te permite escribir correctamente la palabra o\u00edda. En cualquier caso, \u00e9l establece esa norma que ha hecho que el espa\u00f1ol sea un idioma muy simple de leer, porque no hay diversidad en la pronunciaci\u00f3n de lo escrito. Curiosamente, Nebrija establece un abecedario de 26 letras (casi las mismas que tenemos ahora), aunque no son exactamente las mismas. Del abecedario de Nebrija al actual hay algunas letras que han aparecido y otras que han desaparecido. Han desaparecido: la \u00ab\u00e7\u00bb, que se utilizaba para un sonido entre s y ...<\/p>\n<div class=\"pt-cv-rmwrap\"><a href=\"https:\/\/mafran.es\/en\/la-lengua-de-cerbantes\/\" class=\"_self pt-cv-readmore btn btn-success\" target=\"_self\">Leer M\u00e1s<\/a><\/div>\n<\/div>\n<div class=\"pt-cv-meta-fields\"><span class=\"entry-date\"> <time datetime=\"2017-01-01T13:35:00+00:00\">January 1, 2017<\/time><\/span><span> \/ <\/span><span class=\"author\"> <a href=\"https:\/\/mafran.es\/en\/author\/mafran\/\" rel=\"author\">mafran<\/a><\/span><span> \/ <\/span><span class=\"terms\"> <a href='https:\/\/mafran.es\/en\/tag\/historia\/' title='Historia' class='pt-cv-tax-historia'>Historia<\/a>, <a href='https:\/\/mafran.es\/en\/category\/no-puedo-dormir-sin-saber-esto\/lenguaje\/' title='Lenguaje' class='pt-cv-tax-lenguaje'>Lenguaje<\/a>, <a href='https:\/\/mafran.es\/en\/tag\/lenguaje\/' title='Lenguaje' class='pt-cv-tax-lenguaje'>Lenguaje<\/a>, <a href='https:\/\/mafran.es\/en\/category\/no-puedo-dormir-sin-saber-esto\/' title='No Puedo Dormir Sin Saber Esto' class='pt-cv-tax-no-puedo-dormir-sin-saber-esto'>No Puedo Dormir Sin Saber Esto<\/a><\/span><\/div>\n<\/div>\n<\/div>\n<div class=\"col-md-12 col-sm-12 col-xs-12 pt-cv-content-item pt-cv-2-col\" >\n<div class='pt-cv-ifield'><a href=\"https:\/\/mafran.es\/en\/una-doctora-fuera-de-su-tiempo\/\" class=\"_self pt-cv-href-thumbnail pt-cv-thumb-left\" target=\"_self\" ><img loading=\"lazy\" decoding=\"async\" width=\"137\" height=\"200\" src=\"https:\/\/mafran.es\/wp-content\/uploads\/2016\/12\/Hildegard_von_Bingen.jpg\" class=\"pt-cv-thumbnail pull-left\" alt=\"\" \/><\/a><\/p>\n<h5 class=\"pt-cv-title\"><a href=\"https:\/\/mafran.es\/en\/una-doctora-fuera-de-su-tiempo\/\" class=\"_self\" target=\"_self\" >Una doctora en la edad media<\/a><\/h5>\n<div class=\"pt-cv-content\">Que las mujeres han estado siempre apartadas de los puestos de relevancia no es algo desconocido. Es un hecho. Que muchas mujeres han conseguido encontrar su hueco, por su capacidad y relevancia, tambi\u00e9n lo es. La historia de hoy es c\u00f3mo, cuando algo se hace evidente, encuentra su hueco, por muy extravagante que sea. Tambi\u00e9n, sirva esta historia para recordar a todas las mujeres que han luchado por un mundo mejor, luchando contra la injusticia de la desigualdad. Ubiqu\u00e9monos en el tiempo. Siglo XII, en torno al a\u00f1o 1100. El espa\u00f1ol era un idioma en ciernes, Espa\u00f1a estaba medio dominada por los musulmanes y Europa&#8230; Europa simplemente, sobreviv\u00eda. Se empezaban a fundar universidades, la religi\u00f3n y el estado feudal lo invad\u00edan todo y lo m\u00e1s maravilloso que se hablaba era de la haza\u00f1a de atravesar Europa para llegar a Tierra Santa y enrolarse en una cruzada. Como digo en esa \u00e9poca lo importante era sobrevivir. Lo habitual era dar un 10% de los bienes al se\u00f1or que te proteg\u00eda (el recordado diezmo) y la vida humana val\u00eda lo que val\u00eda. En ese ambiente naci\u00f3 nuestra protagonista, en el seno de una familia de noble de bajo nivel de Alemania. Hildegarda (que era su nombre) era la d\u00e9cima hija del matrimonio, y como en esa \u00e9poca los hijos eran una posesi\u00f3n, y la d\u00e9cima parte era para la Iglesia, los padres decidieron que nuestra protagonista fuera dada al servicio de Dios como diezmo. Con 8 a\u00f1os, fue a vivir con una familiar de los condes de Spannheim, que viv\u00eda junto a un monasterio y \u00e9sta se dedic\u00f3 a instruirla. Hildegarda ten\u00eda visiones desde muy peque\u00f1a, aunque s\u00f3lo su profesora (Jutta) lo sab\u00eda. Con 15 a\u00f1os ya ingres\u00f3 como monja en ese monasterio y all\u00ed permaneci\u00f3 hasta que falleci\u00f3 ya muy mayor ...<\/p>\n<div class=\"pt-cv-rmwrap\"><a href=\"https:\/\/mafran.es\/en\/una-doctora-fuera-de-su-tiempo\/\" class=\"_self pt-cv-readmore btn btn-success\" target=\"_self\">Leer M\u00e1s<\/a><\/div>\n<\/div>\n<div class=\"pt-cv-meta-fields\"><span class=\"entry-date\"> <time datetime=\"2016-12-18T18:07:00+00:00\">December 18, 2016<\/time><\/span><span> \/ <\/span><span class=\"author\"> <a href=\"https:\/\/mafran.es\/en\/author\/mafran\/\" rel=\"author\">mafran<\/a><\/span><span> \/ <\/span><span class=\"terms\"> <a href='https:\/\/mafran.es\/en\/tag\/ciencia\/' title='Ciencia' class='pt-cv-tax-ciencia'>Ciencia<\/a>, <a href='https:\/\/mafran.es\/en\/tag\/historia\/' title='Historia' class='pt-cv-tax-historia'>Historia<\/a>, <a href='https:\/\/mafran.es\/en\/category\/no-puedo-dormir-sin-saber-esto\/' title='No Puedo Dormir Sin Saber Esto' class='pt-cv-tax-no-puedo-dormir-sin-saber-esto'>No Puedo Dormir Sin Saber Esto<\/a><\/span><\/div>\n<\/div>\n<\/div>\n<div class=\"col-md-12 col-sm-12 col-xs-12 pt-cv-content-item pt-cv-2-col\" >\n<div class='pt-cv-ifield'><a href=\"https:\/\/mafran.es\/en\/conjeturando-para-que-funcione\/\" class=\"_self pt-cv-href-thumbnail pt-cv-thumb-left\" target=\"_self\" ><img loading=\"lazy\" decoding=\"async\" width=\"200\" height=\"200\" src=\"https:\/\/mafran.es\/wp-content\/uploads\/2016\/12\/galaxy-1769189_1280.jpg\" class=\"pt-cv-thumbnail pull-left\" alt=\"\" srcset=\"https:\/\/mafran.es\/wp-content\/uploads\/2016\/12\/galaxy-1769189_1280.jpg 200w, https:\/\/mafran.es\/wp-content\/uploads\/2016\/12\/galaxy-1769189_1280-150x150.jpg 150w\" sizes=\"auto, (max-width: 200px) 100vw, 200px\" \/><\/a><\/p>\n<h5 class=\"pt-cv-title\"><a href=\"https:\/\/mafran.es\/en\/conjeturando-para-que-funcione\/\" class=\"_self\" target=\"_self\" >Conjeturando para que funcione<\/a><\/h5>\n<div class=\"pt-cv-content\">En estos d\u00edas se cumple el 129 aniversario de la publicaci\u00f3n de los resultados de un experimento que, nada menos, demostr\u00f3 que la f\u00edsica se equivocaba y era necesario un replanteamiento general de toda la teor\u00eda. Fue un hecho trascendental en su momento que oblig\u00f3 a tomar nuevos rumbos y a que los hombres escudri\u00f1aran su ingenio en busca de nuevas teor\u00edas. El fracaso de este experimento que nos oblig\u00f3 a crecer, no pod\u00eda pasar desapercibido de este blog, sobre todo, cuando parece que estamos cayendo de nuevo en conjeturas que no pueden verificarse. Pero entremos en materia. A finales del siglo XX, Maxwell, un eminente cient\u00edfico, describi\u00f3 que la luz era una onda y que como todas las ondas necesitaba un medio por donde moverse (igual que las olas van sobre el mar o el sonido sobre el aire). Era un medio que lo cubrir\u00eda todo, porque la luz se propaga obviamente por el espacio. As\u00ed que este medio, necesario para cumplir las teor\u00edas vigentes en esa fecha de propagaci\u00f3n de ondas, era onmipresente y adem\u00e1s dif\u00edcilmente medible. Era una conjetura \u00fatil y no hab\u00eda ninguna evidencia del mismo. Como ese medio ten\u00eda cierta similitudes al conjeturado por Arist\u00f3teles, se le dio el mismo nombre, \u00e9ter. La teor\u00eda del \u00e9ter era relativamente simple: una especie de fluido muy fino y con particularidades que lo hac\u00edan casi imperceptible. Vamos, era un fluido creado ad-hoc, para cubrir una necesidad te\u00f3rica para explicar el comportamiento de la luz. Con esto, en 1887, dos cient\u00edficos americanos pensaron c\u00f3mo pod\u00edan analizar el comportamiento del \u00e9ter. Albert Michelson y Edward Morley, eran en ese momento desconocidos y poco reputados, pero dise\u00f1aron un experimento en el que, analizando dos haces de luz perpendiculares que tuvieran exactamente la misma distancia recorrida, se podr\u00edan detectar diferencias en ellos ...<\/p>\n<div class=\"pt-cv-rmwrap\"><a href=\"https:\/\/mafran.es\/en\/conjeturando-para-que-funcione\/\" class=\"_self pt-cv-readmore btn btn-success\" target=\"_self\">Leer M\u00e1s<\/a><\/div>\n<\/div>\n<div class=\"pt-cv-meta-fields\"><span class=\"entry-date\"> <time datetime=\"2016-12-04T19:17:00+00:00\">December 4, 2016<\/time><\/span><span> \/ <\/span><span class=\"author\"> <a href=\"https:\/\/mafran.es\/en\/author\/mafran\/\" rel=\"author\">mafran<\/a><\/span><span> \/ <\/span><span class=\"terms\"> <a href='https:\/\/mafran.es\/en\/tag\/astronomia\/' title='Astronom\u00eda' class='pt-cv-tax-astronomia'>Astronom\u00eda<\/a>, <a href='https:\/\/mafran.es\/en\/tag\/ciencia\/' title='Ciencia' class='pt-cv-tax-ciencia'>Ciencia<\/a>, <a href='https:\/\/mafran.es\/en\/category\/no-puedo-dormir-sin-saber-esto\/' title='No Puedo Dormir Sin Saber Esto' class='pt-cv-tax-no-puedo-dormir-sin-saber-esto'>No Puedo Dormir Sin Saber Esto<\/a><\/span><\/div>\n<\/div>\n<\/div>\n<div class=\"col-md-12 col-sm-12 col-xs-12 pt-cv-content-item pt-cv-2-col\" >\n<div class='pt-cv-ifield'><a href=\"https:\/\/mafran.es\/en\/un-desconocido-en-la-corte-del-rey-sabio\/\" class=\"_self pt-cv-href-thumbnail pt-cv-thumb-left\" target=\"_self\" ><img loading=\"lazy\" decoding=\"async\" width=\"160\" height=\"200\" src=\"https:\/\/mafran.es\/wp-content\/uploads\/2016\/10\/Arabic_astrolabe_1.jpg\" class=\"pt-cv-thumbnail pull-left\" alt=\"\" \/><\/a><\/p>\n<h5 class=\"pt-cv-title\"><a href=\"https:\/\/mafran.es\/en\/un-desconocido-en-la-corte-del-rey-sabio\/\" class=\"_self\" target=\"_self\" >Un desconocido en la corte del Rey sabio<\/a><\/h5>\n<div class=\"pt-cv-content\">Escribiendo la anterior entrada (sobre Fourier) estuve leyendo sobre otro genio de la \u00e9poca en Francia y que fue uno de sus maestros: Pierre &#8211; Simon Laplace. Laplace fue, adem\u00e1s de gran matem\u00e1tico, un astr\u00f3nomo influyente, especialmente por dedicar tiempo al an\u00e1lisis de las predicciones de Kepler y ser el primero que plante\u00f3 una tesis sobre la creaci\u00f3n del Sistema Solar. Me llam\u00f3 la atenci\u00f3n, leyendo la historia de Laplace que utilizara unas tablas astron\u00f3micas llamadas \u00abTablas Toledanas\u00bb. \u00bfqu\u00e9 pinta Toledo aqu\u00ed? Decid\u00ed avanzar un poco m\u00e1s sobre ellas y este hecho me ha llevado a un personaje casi desconocido y que, aunque parezca mentira, ha tenido una amplia influencia en la vida espa\u00f1ola posterior. Nos remontamos muchos a\u00f1os antes de Kepler, al primer siglo del segundo milenio. En los \u00faltimos a\u00f1os del Califato de C\u00f3rdoba, cuando ya muchos Taifas se hab\u00edan independizado, naci\u00f3n en C\u00f3rdoba nuestro personaje, de nombre \u00e1rabe impronunciable (al menos para m\u00ed), pero que se espa\u00f1oliz\u00f3 como Azarquiel. Azarquiel es poco conocido. Aunque naci\u00f3 en C\u00f3rdoba (es un dato que parece claro, aunque no hay unanimidad), se march\u00f3 pronto a Toledo y all\u00ed desarroll\u00f3 la mayor\u00eda de su conocimiento. Durante a\u00f1os fue un forjador de hierro, curioso y dedicado a su profesi\u00f3n, pero aprovech\u00f3 esa habilidad para trabajar para los sabios de la ciudad de Toledo y poco a poco, su destreza y conocimiento haciendo instrumentos, hizo que estos sabios lo protegieran, ofreci\u00e9ndole conocimiento que \u00e9l fue asimilando f\u00e1cilmente. Se dedic\u00f3 a la observaci\u00f3n de los astros y anot\u00f3 profusamente la situaci\u00f3n de los astros. Esta observaci\u00f3n completa es lo que se conoc\u00eda como \u00abTablas Toledanas\u00bb. Analizar los resultados de las tablas conllevaban a resultados que no cuadraban con la idea que en aquel tiempo se impon\u00eda. Ten\u00eda un af\u00e1n casi obsesivo por la precisi\u00f3n y ...<\/p>\n<div class=\"pt-cv-rmwrap\"><a href=\"https:\/\/mafran.es\/en\/un-desconocido-en-la-corte-del-rey-sabio\/\" class=\"_self pt-cv-readmore btn btn-success\" target=\"_self\">Leer M\u00e1s<\/a><\/div>\n<\/div>\n<div class=\"pt-cv-meta-fields\"><span class=\"entry-date\"> <time datetime=\"2016-10-30T23:03:00+00:00\">October 30, 2016<\/time><\/span><span> \/ <\/span><span class=\"author\"> <a href=\"https:\/\/mafran.es\/en\/author\/mafran\/\" rel=\"author\">mafran<\/a><\/span><span> \/ <\/span><span class=\"terms\"> <a href='https:\/\/mafran.es\/en\/tag\/astronomia\/' title='Astronom\u00eda' class='pt-cv-tax-astronomia'>Astronom\u00eda<\/a>, <a href='https:\/\/mafran.es\/en\/tag\/historia\/' title='Historia' class='pt-cv-tax-historia'>Historia<\/a>, <a href='https:\/\/mafran.es\/en\/category\/no-puedo-dormir-sin-saber-esto\/' title='No Puedo Dormir Sin Saber Esto' class='pt-cv-tax-no-puedo-dormir-sin-saber-esto'>No Puedo Dormir Sin Saber Esto<\/a><\/span><\/div>\n<\/div>\n<\/div>\n<div class=\"col-md-12 col-sm-12 col-xs-12 pt-cv-content-item pt-cv-2-col\" >\n<div class='pt-cv-ifield'><a href=\"https:\/\/mafran.es\/en\/mirar-el-mundo-de-otra-manera\/\" class=\"_self pt-cv-href-thumbnail pt-cv-thumb-left\" target=\"_self\" ><img loading=\"lazy\" decoding=\"async\" width=\"164\" height=\"200\" src=\"https:\/\/mafran.es\/wp-content\/uploads\/2016\/10\/Joseph_Fourier.jpg\" class=\"pt-cv-thumbnail pull-left\" alt=\"\" \/><\/a><\/p>\n<h5 class=\"pt-cv-title\"><a href=\"https:\/\/mafran.es\/en\/mirar-el-mundo-de-otra-manera\/\" class=\"_self\" target=\"_self\" >Mirar el mundo de otra manera<\/a><\/h5>\n<div class=\"pt-cv-content\">Retomo el blog despu\u00e9s del verano. Ahora empieza el mal tiempo y es m\u00e1s f\u00e1cil encontrar un rato para escribir. He pensado mucho qu\u00e9 tema escoger para retomarlo y me he dado cuenta que no he hablado de una de las personas que m\u00e1s ha cambiado el mundo, aunque \u00e9l nunca lo sabr\u00eda. El puso la semilla que 200 a\u00f1os despu\u00e9s nos ha llevado a donde estamos. Viviendo pegados a un m\u00f3vil. Como casi todos los grandes tuvo una vida modesta, aunque nuestro personaje, todo un mito para los ingenieros de telecomunicaciones, hizo muchas cosas en la vida cotidiana. M\u00e1s de las que uno podr\u00eda pensar para alguien as\u00ed. Naci\u00f3 en Francia en 1768, en una familia numeros\u00edsima. Trece hermanos son muchos y \u00e9l era el d\u00e9cimo de los 13. Encima, qued\u00f3 hu\u00e9rfano pronto, a los 10 a\u00f1os. Se educ\u00f3 en la escuela militar de Auxerre y estuvo debati\u00e9ndose entre ordenarse sacerdote o hacer lo que le gustaba, dedicarse a la ciencia. As\u00ed pas\u00f3 su infancia y su juventud, hasta que en 1789 ya decidi\u00f3 definitivamente dejar la religi\u00f3n y ser profesor de la propia escuela a la que fue. En 1793 tom\u00f3 parte activa en la pol\u00edtica de la revoluci\u00f3n francesa, cosa que, en el r\u00e9gimen del terror de Robespierre no era demasiado seguro. Estuvo a punto de ser guillotinado al a\u00f1o siguiente, pero finalmente, tuvo la suerte de que cay\u00f3 antes Robespierre, la pol\u00edtica en Francia dio un giro y fue liberado. Se calm\u00f3 un poco e ingres\u00f3 en la Escuela Normal de Par\u00eds para estudiar Matem\u00e1ticas. Aunque lleg\u00f3 a catedr\u00e1tico poco despu\u00e9s (1797), su natural inquieto lo llev\u00f3 a dejarlo todo para ingresar en el ej\u00e9rcito como cargador de ca\u00f1ones. Era una etapa de euforia en Francia, el inicio de la era de Napole\u00f3n y nuestro personaje ...<\/p>\n<div class=\"pt-cv-rmwrap\"><a href=\"https:\/\/mafran.es\/en\/mirar-el-mundo-de-otra-manera\/\" class=\"_self pt-cv-readmore btn btn-success\" target=\"_self\">Leer M\u00e1s<\/a><\/div>\n<\/div>\n<div class=\"pt-cv-meta-fields\"><span class=\"entry-date\"> <time datetime=\"2016-10-15T08:57:00+00:00\">October 15, 2016<\/time><\/span><span> \/ <\/span><span class=\"author\"> <a href=\"https:\/\/mafran.es\/en\/author\/mafran\/\" rel=\"author\">mafran<\/a><\/span><span> \/ <\/span><span class=\"terms\"> <a href='https:\/\/mafran.es\/en\/tag\/ciencia\/' title='Ciencia' class='pt-cv-tax-ciencia'>Ciencia<\/a>, <a href='https:\/\/mafran.es\/en\/tag\/historia\/' title='Historia' class='pt-cv-tax-historia'>Historia<\/a>, <a href='https:\/\/mafran.es\/en\/category\/no-puedo-dormir-sin-saber-esto\/' title='No Puedo Dormir Sin Saber Esto' class='pt-cv-tax-no-puedo-dormir-sin-saber-esto'>No Puedo Dormir Sin Saber Esto<\/a>, <a href='https:\/\/mafran.es\/en\/tag\/tecnologia\/' title='Tecnolog\u00eda' class='pt-cv-tax-tecnologia'>Tecnolog\u00eda<\/a><\/span><\/div>\n<\/div>\n<\/div>\n<div class=\"col-md-12 col-sm-12 col-xs-12 pt-cv-content-item pt-cv-2-col\" >\n<div class='pt-cv-ifield'><a href=\"https:\/\/mafran.es\/en\/adivinacion-o-ciencia\/\" class=\"_self pt-cv-href-thumbnail pt-cv-thumb-left\" target=\"_self\" ><img loading=\"lazy\" decoding=\"async\" width=\"124\" height=\"200\" src=\"https:\/\/mafran.es\/wp-content\/uploads\/2016\/07\/FyD.jpg\" class=\"pt-cv-thumbnail pull-left\" alt=\"\" \/><\/a><\/p>\n<h5 class=\"pt-cv-title\"><a href=\"https:\/\/mafran.es\/en\/adivinacion-o-ciencia\/\" class=\"_self\" target=\"_self\" >Adivinaci\u00f3n o ciencia<\/a><\/h5>\n<div class=\"pt-cv-content\">Siempre me ha llamado la atenci\u00f3n c\u00f3mo autores literarios se adelantan a su tiempo y establecen paralelismos que en el futuro se hacen realidad. Es famosa la coincidencia entre los libros de Julio Verne y la realidad. Pero hoy me voy a centrar en otra: \u00abEmplean aquellas gentes la mayor parte de su vida en observar los cuerpos celestes, para lo que se sirven de anteojos que aventajan con mucho a los nuestros; pues aunque sus grandes telescopios no exceden de tres pies, aumentan mucho m\u00e1s que los de cien yardas que tenemos nosotros, y al mismo tiempo muestran las estrellas con mayor claridad. Esta ventaja les ha permitido extender sus descubrimientos mucho m\u00e1s all\u00e1 que los astr\u00f3nomos de Europa, pues han conseguido hacer un cat\u00e1logo de diez mil estrellas fijas, mientras el m\u00e1s extenso de los nuestros no contiene m\u00e1s de la tercera parte de este n\u00famero. Asimismo han descubierto dos estrellas menores o sat\u00e9lites que giran alrededor de Marte, de las cuales la interior dista del centro del planeta primario exactamente tres di\u00e1metros de \u00e9ste, y la exterior, cinco; la primera hace una revoluci\u00f3n en el espacio de diez horas, y la \u00faltima, en veintiuna y media; as\u00ed que los cuadros de sus tiempos peri\u00f3dicos est\u00e1n casi en igual proporci\u00f3n que los cubos de su distancia del centro de Marte, lo que evidentemente indica que est\u00e1n sometidas a la misma ley de gravitaci\u00f3n que gobierna los dem\u00e1s cuerpos celestes.\u00bb (Los Viajes de Gulliver, Jonathan Swift, 1726). Jonathan Swift se adelant\u00f3 a la ciencia nada menos que 150 a\u00f1os. Fue en 1877 cuando el astr\u00f3nomo Asaph Hall descubri\u00f3 los dos sat\u00e9lites naturales de Marte: Fobos y Deimos (los nombres est\u00e1n relacionados con su planeta, pues significan \u00abTerror\u00bb y \u00abMiedo\u00bb, muy vinculado al dios de la guerra). Fobos y Deimos ...<\/p>\n<div class=\"pt-cv-rmwrap\"><a href=\"https:\/\/mafran.es\/en\/adivinacion-o-ciencia\/\" class=\"_self pt-cv-readmore btn btn-success\" target=\"_self\">Leer M\u00e1s<\/a><\/div>\n<\/div>\n<div class=\"pt-cv-meta-fields\"><span class=\"entry-date\"> <time datetime=\"2016-07-18T21:05:00+00:00\">July 18, 2016<\/time><\/span><span> \/ <\/span><span class=\"author\"> <a href=\"https:\/\/mafran.es\/en\/author\/mafran\/\" rel=\"author\">mafran<\/a><\/span><span> \/ <\/span><span class=\"terms\"> <a href='https:\/\/mafran.es\/en\/tag\/astronomia\/' title='Astronom\u00eda' class='pt-cv-tax-astronomia'>Astronom\u00eda<\/a>, <a href='https:\/\/mafran.es\/en\/tag\/literatura\/' title='Literatura' class='pt-cv-tax-literatura'>Literatura<\/a>, <a href='https:\/\/mafran.es\/en\/category\/no-puedo-dormir-sin-saber-esto\/' title='No Puedo Dormir Sin Saber Esto' class='pt-cv-tax-no-puedo-dormir-sin-saber-esto'>No Puedo Dormir Sin Saber Esto<\/a><\/span><\/div>\n<\/div>\n<\/div>\n<div class=\"col-md-12 col-sm-12 col-xs-12 pt-cv-content-item pt-cv-2-col\" >\n<div class='pt-cv-ifield'><a href=\"https:\/\/mafran.es\/en\/un-paso-para-la-igualdad\/\" class=\"_self pt-cv-href-thumbnail pt-cv-thumb-left\" target=\"_self\" ><img loading=\"lazy\" decoding=\"async\" width=\"177\" height=\"200\" src=\"https:\/\/mafran.es\/wp-content\/uploads\/2016\/07\/Don_J._Canalejas.jpg\" class=\"pt-cv-thumbnail pull-left\" alt=\"\" \/><\/a><\/p>\n<h5 class=\"pt-cv-title\"><a href=\"https:\/\/mafran.es\/en\/un-paso-para-la-igualdad\/\" class=\"_self\" target=\"_self\" >Un paso para la igualdad<\/a><\/h5>\n<div class=\"pt-cv-content\">La evoluci\u00f3n de un pa\u00eds no siempre se consigue de la forma m\u00e1s recta que uno pueda entender. Hay que perseguir un fin, y eso puede llevar a tomar decisiones complicadas. Pero hay personajes que son capaces de intentar sobreponerse a ello e intentar seguir un camino, a veces, en contra de si mismo, simplemente, porque considera que es el camino adecuado. Uno de ellos es un pol\u00edtico poco conocido de primeros de siglo, Jos\u00e9 Canalejas. Canalejas lleg\u00f3 a presidente del gobierno tras la dimisi\u00f3n de Segismundo Moret, en 1910. Estuvo s\u00f3lo 2 a\u00f1os como presidente, pero se tomaron medidas y fue muy activo. No olvidemos que era un pa\u00eds muy diferente al de ahora, otro contexto y con un p\u00e9simo estado de \u00e1nimo tras el fiasco de finales del siglo XIX. Ideol\u00f3gicamente era progresista y defend\u00eda que deb\u00eda de adoptarse medidas democr\u00e1ticas y anticlericales. Sin embargo, era profundamente cat\u00f3lico (lo llegaron a describir como un \u00abanticlerical cat\u00f3lico\u00bb). Al poco de llegar al poder, empez\u00f3 una negociaci\u00f3n para menguar el poder de la Iglesia en el estado de esa \u00e9poca. Y r\u00e1pidamente promulg\u00f3 la conocida como Ley del Candado, lo que se consider\u00f3 un paso previo para una reforma m\u00e1s profunda que intentara tratar a las \u00f3rdenes religiosas como asociaciones. Esto le granje\u00f3 grandes enemistades en los poderes religiosos, pero \u00e9l sigui\u00f3 con sus ideas claras. Tambi\u00e9n aboli\u00f3 un impuesto que se conoc\u00eda como \u00abContribuci\u00f3n de consumos\u00bb que realmente era un impuesto que afectaba m\u00e1s a los m\u00e1s d\u00e9biles, dado que gravaba los bienes \u00abde comer, beber y arder\u00bb. Canalejas defendi\u00f3 su eliminaci\u00f3n y a cambio para compensar la recaudaci\u00f3n, estableci\u00f3 un impuesto a las rentas urbanas m\u00e1s acomodadas. Le cost\u00f3 tambi\u00e9n enemigos en casa y muchos de su partidos votaron en contra, pero consigui\u00f3 aprobarla. Pero la medida m\u00e1s ...<\/p>\n<div class=\"pt-cv-rmwrap\"><a href=\"https:\/\/mafran.es\/en\/un-paso-para-la-igualdad\/\" class=\"_self pt-cv-readmore btn btn-success\" target=\"_self\">Leer M\u00e1s<\/a><\/div>\n<\/div>\n<div class=\"pt-cv-meta-fields\"><span class=\"entry-date\"> <time datetime=\"2016-07-07T21:19:00+00:00\">July 7, 2016<\/time><\/span><span> \/ <\/span><span class=\"author\"> <a href=\"https:\/\/mafran.es\/en\/author\/mafran\/\" rel=\"author\">mafran<\/a><\/span><span> \/ <\/span><span class=\"terms\"> <a href='https:\/\/mafran.es\/en\/tag\/historia\/' title='Historia' class='pt-cv-tax-historia'>Historia<\/a>, <a href='https:\/\/mafran.es\/en\/category\/no-puedo-dormir-sin-saber-esto\/' title='No Puedo Dormir Sin Saber Esto' class='pt-cv-tax-no-puedo-dormir-sin-saber-esto'>No Puedo Dormir Sin Saber Esto<\/a>, <a href='https:\/\/mafran.es\/en\/tag\/politica\/' title='Pol\u00edtica' class='pt-cv-tax-politica'>Pol\u00edtica<\/a><\/span><\/div>\n<\/div>\n<\/div>\n<div class=\"col-md-12 col-sm-12 col-xs-12 pt-cv-content-item pt-cv-2-col\" >\n<div class='pt-cv-ifield'><a href=\"https:\/\/mafran.es\/en\/una-maravilla-perdida\/\" class=\"_self pt-cv-href-thumbnail pt-cv-thumb-left\" target=\"_self\" ><img loading=\"lazy\" decoding=\"async\" width=\"200\" height=\"114\" src=\"https:\/\/mafran.es\/wp-content\/uploads\/2016\/06\/Orgaz.jpg\" class=\"pt-cv-thumbnail pull-left\" alt=\"\" \/><\/a><\/p>\n<h5 class=\"pt-cv-title\"><a href=\"https:\/\/mafran.es\/en\/una-maravilla-perdida\/\" class=\"_self\" target=\"_self\" >Una maravilla perdida<\/a><\/h5>\n<div class=\"pt-cv-content\">Un amigo del equipo de baloncesto me puso sobre la pista de esta nueva entrada. Un lugar maravilloso, y, aunque conocido, ha quedado alejado del mundo y hoy en d\u00eda, lo que no est\u00e1 en el camino, no existe, aunque sea digno de ver. Hago referencia en este art\u00edculo a un pueblo de la provincia de Toledo, muy conocido en cuanto a nombre, pero que pocos de los lectores sabr\u00e1n colocar en el mapa. Se trata de Orgaz. Por supuesto es muy conocido gracias al lienzo de El Greco, que se encuentra en la Iglesia de Santo Tom\u00e9, en Toledo y que, como todo el mundo sabe se llama \u00abEl entierro del Conde de Orgaz\u00bb. El famoso Conde de Orgaz ni era conde ni era de Orgaz, pero como el cuadro tiene su historia, la contar\u00e9. Don Gonzalo Ruiz de Toledo, naci\u00f3 en Toledo a mediados del siglo XIII. Era se\u00f1or de Orgaz se\u00f1or\u00edo creado en 1220, aunque a\u00fan no era condado. Vivi\u00f3 en Toledo y tuvo una vida bastante respetable. Goz\u00f3 de buena posici\u00f3n en influencia y era querido en esa ciudad. Don Gonzalo era muy devoto de Santo Tom\u00e1s y pidi\u00f3 ser enterrado en un lugar no preferencial dentro de esa iglesia. Y as\u00ed se produjo cuando muri\u00f3 en 1323. En su testamento, dej\u00f3 escrito que la villa de Orgaz deb\u00eda donar cada a\u00f1o a esta Iglesia 2 carneros, 8 pares de gallinas, 2 pellejos de vino, 2 cargas de le\u00f1a y 800 maraved\u00edes. Ah\u00ed qued\u00f3. Pero la historia es testaruda y en 1564, casi 250 a\u00f1os despu\u00e9s un p\u00e1rroco de la Iglesia detect\u00f3 este testamento y solicit\u00f3 a la villa de Orgaz (que ya era condado, desde 1529) que cumpliera la voluntad. Se hab\u00edan impagado much\u00edsimos a\u00f1os y, evidentemente, el tema fue a juicio, que fue resuelto ...<\/p>\n<div class=\"pt-cv-rmwrap\"><a href=\"https:\/\/mafran.es\/en\/una-maravilla-perdida\/\" class=\"_self pt-cv-readmore btn btn-success\" target=\"_self\">Leer M\u00e1s<\/a><\/div>\n<\/div>\n<div class=\"pt-cv-meta-fields\"><span class=\"entry-date\"> <time datetime=\"2016-06-05T18:46:00+00:00\">June 5, 2016<\/time><\/span><span> \/ <\/span><span class=\"author\"> <a href=\"https:\/\/mafran.es\/en\/author\/mafran\/\" rel=\"author\">mafran<\/a><\/span><span> \/ <\/span><span class=\"terms\"> <a href='https:\/\/mafran.es\/en\/tag\/geografia\/' title='Geograf\u00eda' class='pt-cv-tax-geografia'>Geograf\u00eda<\/a>, <a href='https:\/\/mafran.es\/en\/tag\/historia\/' title='Historia' class='pt-cv-tax-historia'>Historia<\/a>, <a href='https:\/\/mafran.es\/en\/category\/no-puedo-dormir-sin-saber-esto\/' title='No Puedo Dormir Sin Saber Esto' class='pt-cv-tax-no-puedo-dormir-sin-saber-esto'>No Puedo Dormir Sin Saber Esto<\/a><\/span><\/div>\n<\/div>\n<\/div>\n<div class=\"col-md-12 col-sm-12 col-xs-12 pt-cv-content-item pt-cv-2-col\" >\n<div class='pt-cv-ifield'><a href=\"https:\/\/mafran.es\/en\/la-fe-en-tus-calculos\/\" class=\"_self pt-cv-href-thumbnail pt-cv-thumb-left\" target=\"_self\" ><img loading=\"lazy\" decoding=\"async\" width=\"168\" height=\"200\" src=\"https:\/\/mafran.es\/wp-content\/uploads\/2016\/05\/LeVerrier2.jpg\" class=\"pt-cv-thumbnail pull-left\" alt=\"\" \/><\/a><\/p>\n<h5 class=\"pt-cv-title\"><a href=\"https:\/\/mafran.es\/en\/la-fe-en-tus-calculos\/\" class=\"_self\" target=\"_self\" >La fe en tus c\u00e1lculos<\/a><\/h5>\n<div class=\"pt-cv-content\">Ahora estoy estudiando con mi hijo el Sistema Solar y al hacerlo he recordado una historia que es la historia de la fe en lo que uno hace. Esta fe sirvi\u00f3 para, nada menos que ampliar el sistema solar. Para ello, retrocedamos al a\u00f1o 1781. En ese a\u00f1o, Sir William Herschel anunci\u00f3 el descubrimiento del primer planeta que se detect\u00f3 con telescopio: Urano (del que ya escrib\u00ed una entrada: \u00abRodando por el espacio\u00bb). Este anuncio comenz\u00f3 el an\u00e1lisis de la \u00f3rbita de Urano, public\u00e1ndose en 1821 los c\u00e1lculos de la \u00f3rbita completa. En esos c\u00e1lculos se ve\u00edan anomal\u00edas, no cumpl\u00edan \u00a0parte por que Urano va rodando, pero parte por alg\u00fan fen\u00f3meno que no se explicaba bien, por lo que se dedujo que algo deb\u00eda estar pasando. \u00bfAcaso la Ley de Gravitaci\u00f3n de Newton era falsa? \u00bfAcaso exist\u00eda otro planeta m\u00e1s alejado que influyera en la \u00f3rbita de Urano? Hab\u00eda mucha incertidumbre en este tema, pero algo pasaba. En 1845 y 1846, un franc\u00e9s, Urbain Le Verrier, matem\u00e1tico especializado en mec\u00e1nica celeste estudio el tema y calculo, no s\u00f3lo que las anomal\u00edas de los movimientos de Urano ven\u00edan por la presencia de otro planeta, sino que predijo su posici\u00f3n. En 1945 public\u00f3 varios art\u00edculos sobre el tema y fue en verano de 1946 cuando envi\u00f3 al Observatorio de Cambrigde una carta indic\u00e1ndole la predicci\u00f3n. El director del Observatorio de Cambridge lo despacho con algunas preguntas de poca monta, pero Urbain estaba convencido y envi\u00f3 los c\u00e1lculos al observatorio de Berl\u00edn. Los c\u00e1lculos llegaron el 23 de septiembre de 1946 y esa misma noche, el director del Observatorio Johann Gottfried Galle descubri\u00f3 Neptuno a menos de 1 grado de donde hab\u00eda predicho Le Verrier. Se hab\u00eda descubierto el primer planeta gracias no a la observaci\u00f3n astron\u00f3mica, sino al conocimiento matem\u00e1tico de las ...<\/p>\n<div class=\"pt-cv-rmwrap\"><a href=\"https:\/\/mafran.es\/en\/la-fe-en-tus-calculos\/\" class=\"_self pt-cv-readmore btn btn-success\" target=\"_self\">Leer M\u00e1s<\/a><\/div>\n<\/div>\n<div class=\"pt-cv-meta-fields\"><span class=\"entry-date\"> <time datetime=\"2016-05-22T21:16:00+00:00\">May 22, 2016<\/time><\/span><span> \/ <\/span><span class=\"author\"> <a href=\"https:\/\/mafran.es\/en\/author\/mafran\/\" rel=\"author\">mafran<\/a><\/span><span> \/ <\/span><span class=\"terms\"> <a href='https:\/\/mafran.es\/en\/tag\/astronomia\/' title='Astronom\u00eda' class='pt-cv-tax-astronomia'>Astronom\u00eda<\/a>, <a href='https:\/\/mafran.es\/en\/tag\/historia\/' title='Historia' class='pt-cv-tax-historia'>Historia<\/a>, <a href='https:\/\/mafran.es\/en\/category\/no-puedo-dormir-sin-saber-esto\/' title='No Puedo Dormir Sin Saber Esto' class='pt-cv-tax-no-puedo-dormir-sin-saber-esto'>No Puedo Dormir Sin Saber Esto<\/a><\/span><\/div>\n<\/div>\n<\/div>\n<div class=\"col-md-12 col-sm-12 col-xs-12 pt-cv-content-item pt-cv-2-col\" >\n<div class='pt-cv-ifield'><a href=\"https:\/\/mafran.es\/en\/el-analisis-de-la-espera\/\" class=\"_self pt-cv-href-thumbnail pt-cv-thumb-left\" target=\"_self\" ><img loading=\"lazy\" decoding=\"async\" width=\"125\" height=\"200\" src=\"https:\/\/mafran.es\/wp-content\/uploads\/2016\/04\/Erlang28129.jpg\" class=\"pt-cv-thumbnail pull-left\" alt=\"\" \/><\/a><\/p>\n<h5 class=\"pt-cv-title\"><a href=\"https:\/\/mafran.es\/en\/el-analisis-de-la-espera\/\" class=\"_self\" target=\"_self\" >El an\u00e1lisis de la espera<\/a><\/h5>\n<div class=\"pt-cv-content\">Hay personas que son casi desconocidas y que han realizado una contribuci\u00f3n al mundo de una forma que pr\u00e1cticamente no se podr\u00eda entender sin su capacidad. Estos genios humildes, que cambian el mundo en silencio, son mis favoritos. Mis aut\u00e9nticos \u00eddolos. La persona de la que hablar\u00e9 hoy, es adem\u00e1s, inspirador del campo que a m\u00ed, en mi vida personal m\u00e1s me gusta y de la que me gusta decir que es lo \u00fanico de lo que quiz\u00e1s se algo: las colas. Este campo, era una entelequia hasta que a primeros del siglo XX un dan\u00e9s, llamado Agner public\u00f3 el primer art\u00edculo sobre \u00e9l. Y cambi\u00f3 el mundo. De hecho es el principal contribuidor a vivir en el mundo tecnol\u00f3gico que tenemos actualmente. La gran transformaci\u00f3n del siglo XX vino de su mano. Agner era el segundo de una familia normal. Cuatro hermanos. El padre, maestro de escuela. La madre, trabajaba en casa, descendiente de una familia relacionada con la iglesia protestante. Iba a una escuela p\u00fablica, porque el dinero no daba para m\u00e1s. Eso s\u00ed, el ni\u00f1o destacaba. Era listo y ten\u00eda una grand\u00edsima memoria. Con 14 a\u00f1os, viaj\u00f3 a Copenhagen con su hermano para pasar el examen de primaria, la rev\u00e1lida que se conoc\u00eda en Espa\u00f1a. Era dos a\u00f1os menor que \u00e9l y tuvieron que autorizarlo especialmente, porque no ten\u00eda la edad m\u00ednima, pero a\u00fan as\u00ed, la pas\u00f3 con distinci\u00f3n. Volvi\u00f3 a su ciudad y se dedic\u00f3 a lo que su padre. Lo ayud\u00f3 a dar clases a ni\u00f1os en su escuela mientras segu\u00ed form\u00e1ndose: astronom\u00eda, franc\u00e9s, latin y gram\u00e1tica. Quer\u00eda entrar en la universidad y ten\u00eda que prepararse. Tuvieron que becarlo y ayudarle econ\u00f3micamente, porque la situaci\u00f3n familiar no daba para dispendios, pero, con 18 a\u00f1os consigui\u00f3 entrar en la Universidad, para estudiar matem\u00e1ticas. En s\u00f3lo 3 ...<\/p>\n<div class=\"pt-cv-rmwrap\"><a href=\"https:\/\/mafran.es\/en\/el-analisis-de-la-espera\/\" class=\"_self pt-cv-readmore btn btn-success\" target=\"_self\">Leer M\u00e1s<\/a><\/div>\n<\/div>\n<div class=\"pt-cv-meta-fields\"><span class=\"entry-date\"> <time datetime=\"2016-04-30T17:43:00+00:00\">April 30, 2016<\/time><\/span><span> \/ <\/span><span class=\"author\"> <a href=\"https:\/\/mafran.es\/en\/author\/mafran\/\" rel=\"author\">mafran<\/a><\/span><span> \/ <\/span><span class=\"terms\"> <a href='https:\/\/mafran.es\/en\/category\/no-puedo-dormir-sin-saber-esto\/' title='No Puedo Dormir Sin Saber Esto' class='pt-cv-tax-no-puedo-dormir-sin-saber-esto'>No Puedo Dormir Sin Saber Esto<\/a>, <a href='https:\/\/mafran.es\/en\/tag\/tecnologia\/' title='Tecnolog\u00eda' class='pt-cv-tax-tecnologia'>Tecnolog\u00eda<\/a><\/span><\/div>\n<\/div>\n<\/div>\n<div class=\"col-md-12 col-sm-12 col-xs-12 pt-cv-content-item pt-cv-2-col\" >\n<div class='pt-cv-ifield'><a href=\"https:\/\/mafran.es\/en\/dos-fechas-iguales-pero-distinto-dia\/\" class=\"_self pt-cv-href-thumbnail pt-cv-thumb-left\" target=\"_self\" ><img loading=\"lazy\" decoding=\"async\" width=\"200\" height=\"150\" src=\"https:\/\/mafran.es\/wp-content\/uploads\/2016\/04\/tile-540474_1920.jpg\" class=\"pt-cv-thumbnail pull-left\" alt=\"\" \/><\/a><\/p>\n<h5 class=\"pt-cv-title\"><a href=\"https:\/\/mafran.es\/en\/dos-fechas-iguales-pero-distinto-dia\/\" class=\"_self\" target=\"_self\" >Dos fechas iguales, pero distinto d\u00eda<\/a><\/h5>\n<div class=\"pt-cv-content\">La entrada de hoy va en relaci\u00f3n a un d\u00eda especial, el d\u00eda 23 de abril. Es el \u00abd\u00eda del libro\u00bb, fijado internacionalmente porque ese d\u00eda se conmemora el fallecimiento en 1616, tanto de Cervantes como de Shakespeare, los dos grandes escritores de la literatura espa\u00f1ola e inglesa, respectivamente. Pero esa coincidencia tiene una curiosidad en relaci\u00f3n a otro tema que ya se trat\u00f3 en este blog hace alg\u00fan tiempo. No quiero entrar si Cervantes falleci\u00f3 ese d\u00eda o no (parece que ese d\u00eda fue cuando se enterr\u00f3, por lo que debi\u00f3 morir el d\u00eda antes), sino una paradoja: efectivamente ambos est\u00e1n relacionados con esa misma fecha, 23 de abril de 1616, pero no era el mismo d\u00eda. \u00bfY como puede ser esto? Pues para los m\u00e1s h\u00e1biles, ya se habr\u00e1n dado cuenta. Y no es un hecho ins\u00f3lito, sino algo m\u00e1s simple. Espa\u00f1a, en esa \u00e9pica era el adalid del catolicismo, y cuando el Papa Gregorio XIII decidi\u00f3 asumir el calendario propuesto por la Universidad de Salamanca, en 1582, Espa\u00f1a lo introdujo de inmediato. De hecho, en Espa\u00f1a entr\u00f3 en vigor el calendario gregoriano el 15 de octubre de 1582, eliminando del mismo 10 d\u00edas (del 5 al 15 de octubre de 1582). Sin embargo, Inglaterra, despu\u00e9s de la separaci\u00f3n de la Iglesia de Roma en el reinado de Enrique VIII, tardaron algo m\u00e1s. En ese momento bastaba que el Papa promulgara un edicto para que Inglaterra no lo considerara, aunque fuera t\u00e9cnicamente correcto. Esto pas\u00f3 en multitud de pa\u00edses (los protestantes y ortodoxos, principalmente) y fueron adoptando el calendario poco a poco, a medida que ve\u00edan las bondades t\u00e9cnicas del mismo. Parte de Alemania lo asumi\u00f3 en 1610 (la otra en 1700), Francia en 1682 e Inglaterra en 1752. \u00bfQu\u00e9 quiere decir esto? Pues resulta que cuando en ...<\/p>\n<div class=\"pt-cv-rmwrap\"><a href=\"https:\/\/mafran.es\/en\/dos-fechas-iguales-pero-distinto-dia\/\" class=\"_self pt-cv-readmore btn btn-success\" target=\"_self\">Leer M\u00e1s<\/a><\/div>\n<\/div>\n<div class=\"pt-cv-meta-fields\"><span class=\"entry-date\"> <time datetime=\"2016-04-16T09:04:00+00:00\">April 16, 2016<\/time><\/span><span> \/ <\/span><span class=\"author\"> <a href=\"https:\/\/mafran.es\/en\/author\/mafran\/\" rel=\"author\">mafran<\/a><\/span><span> \/ <\/span><span class=\"terms\"> <a href='https:\/\/mafran.es\/en\/tag\/historia\/' title='Historia' class='pt-cv-tax-historia'>Historia<\/a>, <a href='https:\/\/mafran.es\/en\/tag\/literatura\/' title='Literatura' class='pt-cv-tax-literatura'>Literatura<\/a>, <a href='https:\/\/mafran.es\/en\/category\/no-puedo-dormir-sin-saber-esto\/' title='No Puedo Dormir Sin Saber Esto' class='pt-cv-tax-no-puedo-dormir-sin-saber-esto'>No Puedo Dormir Sin Saber Esto<\/a><\/span><\/div>\n<\/div>\n<\/div>\n<div class=\"col-md-12 col-sm-12 col-xs-12 pt-cv-content-item pt-cv-2-col\" >\n<div class='pt-cv-ifield'><a href=\"https:\/\/mafran.es\/en\/pioneros-y-olvidados\/\" class=\"_self pt-cv-href-thumbnail pt-cv-thumb-left\" target=\"_self\" ><img loading=\"lazy\" decoding=\"async\" width=\"200\" height=\"151\" src=\"https:\/\/mafran.es\/wp-content\/uploads\/2016\/03\/garbancito1838.jpg\" class=\"pt-cv-thumbnail pull-left\" alt=\"\" \/><\/a><\/p>\n<h5 class=\"pt-cv-title\"><a href=\"https:\/\/mafran.es\/en\/pioneros-y-olvidados\/\" class=\"_self\" target=\"_self\" >Pioneros y olvidados.<\/a><\/h5>\n<div class=\"pt-cv-content\">Y la historia de hoy es un hito del mundo del cine, pero desconocido en Espa\u00f1a. En Espa\u00f1a, los a\u00f1os 40 son a\u00f1os de miseria y hambre. Nuestros mayores nos lo cuentan y nuestros ni\u00f1os no se lo pueden imaginar. Un pa\u00eds donde no hab\u00eda comida, donde conseguir algo de leche o patatas era un fest\u00edn, donde la carne era ciencia ficci\u00f3n. Un pa\u00eds destrozado por una guerra y un dictador. Cartillas de racionamiento, miedo a la represi\u00f3n militar, pobreza. Pero Espa\u00f1a es un pa\u00eds capaz de realizar cosas incre\u00edble. En la dificultad el espa\u00f1ol se crece, casi de la misma forma que se mengua en la abundancia. As\u00ed, en un pa\u00eds que ten\u00eda un salario medio industrial de 12,27 pesetas diarias, unos locos de Barcelona decidi\u00f3 jugarse todo su patrimonio para conseguir poder distribuir las pel\u00edculas de Disney. En aquel momento era necesario producir pel\u00edculas propias para distribuir las que podr\u00edan venir de otros pa\u00edses. As\u00ed que decidieron arriesgarse y crear un engendro: la realizaci\u00f3n de una pel\u00edcula de animaci\u00f3n en color, al estilo de Blancanieves y los 7 enanitos, creada por Disney apenas 6 a\u00f1os antes. Era toda una aventura. No s\u00f3lo por lo que significaba tecnol\u00f3gicamente, sino porque no hab\u00eda p\u00fablico, y las autoridades no debajan mucho margen para trabajar. Los locos eran Ram\u00f3n Balet y Jose Mar\u00eda Blay, creando la productora Balet y Blay. Hab\u00eda que elegir un argumento adecuado. Para evitar problemas, eligieron un cuento reci\u00e9n publicado por el r\u00e9gimen: Garbancito de la Mancha, de Juli\u00e1n Pemart\u00edn. Juli\u00e1n Pemart\u00edn era en ese momento el Director del Instituto Nacional del Libro, as\u00ed que seguro que dejar\u00edan la pel\u00edcula y no se entrometer\u00edan en ella. De hecho, se modific\u00f3 y se introdujeron escenas y gui\u00f1os para reducir la carga ideol\u00f3gica (pro-r\u00e9gimen) de la obra escrita. El peloteo ...<\/p>\n<div class=\"pt-cv-rmwrap\"><a href=\"https:\/\/mafran.es\/en\/pioneros-y-olvidados\/\" class=\"_self pt-cv-readmore btn btn-success\" target=\"_self\">Leer M\u00e1s<\/a><\/div>\n<\/div>\n<div class=\"pt-cv-meta-fields\"><span class=\"entry-date\"> <time datetime=\"2016-03-27T16:24:00+00:00\">March 27, 2016<\/time><\/span><span> \/ <\/span><span class=\"author\"> <a href=\"https:\/\/mafran.es\/en\/author\/mafran\/\" rel=\"author\">mafran<\/a><\/span><span> \/ <\/span><span class=\"terms\"> <a href='https:\/\/mafran.es\/en\/tag\/historia\/' title='Historia' class='pt-cv-tax-historia'>Historia<\/a>, <a href='https:\/\/mafran.es\/en\/category\/no-puedo-dormir-sin-saber-esto\/' title='No Puedo Dormir Sin Saber Esto' class='pt-cv-tax-no-puedo-dormir-sin-saber-esto'>No Puedo Dormir Sin Saber Esto<\/a><\/span><\/div>\n<\/div>\n<\/div>\n<div class=\"col-md-12 col-sm-12 col-xs-12 pt-cv-content-item pt-cv-2-col\" >\n<div class='pt-cv-ifield'><a href=\"https:\/\/mafran.es\/en\/un-brillo-que-no-puede-contenerse\/\" class=\"_self pt-cv-href-thumbnail pt-cv-thumb-left\" target=\"_self\" ><img loading=\"lazy\" decoding=\"async\" width=\"200\" height=\"117\" src=\"https:\/\/mafran.es\/wp-content\/uploads\/2016\/03\/Henrietta.jpg\" class=\"pt-cv-thumbnail pull-left\" alt=\"\" \/><\/a><\/p>\n<h5 class=\"pt-cv-title\"><a href=\"https:\/\/mafran.es\/en\/un-brillo-que-no-puede-contenerse\/\" class=\"_self\" target=\"_self\" >Un brillo que no puede contenerse<\/a><\/h5>\n<div class=\"pt-cv-content\">En la historia de la ciencia hay pocas mujeres que brillen con luz propia. Nuestra civilizaci\u00f3n prefiri\u00f3 abandonar \u00a0a la mitad de su capacidad por religi\u00f3n, costumbre o, simplemente, miedo. Pero afortunadamente hay excepciones. La historia de hoy comienza en un peque\u00f1o pueblo de Massachusetts, Lancaster, donde en 1868 un pastor protestante tiene un hija a la que llam\u00f3 Henrietta. Henrietta Swan Leavitt. Afortunadamente para todos nosotros, el pastor decidi\u00f3 que su hija estudiara y tras cursar la primaria ingres\u00f3 para licenciarse en el Instituto Radcliffe, una secci\u00f3n femenina de Harvard, con much\u00edsimo menos prestigio. Al fin y al cabo s\u00f3lo estudiaban mujeres. En esa licenciatura estudi\u00f3 arte, griego cl\u00e1sico, filosof\u00eda, geometr\u00eda anal\u00edtica y c\u00e1lculo. Y en su \u00faltimo curso estudio algo de astronom\u00eda, que super\u00f3 con notable. Era el a\u00f1o 1892 y Henrietta hab\u00eda conseguido licenciarse con 24 a\u00f1os. No era ninguna lumbrera, pero, desde luego no era nada tonta. Adem\u00e1s, tras acabar los estudios, dedic\u00f3 un tiempo a viajar, en el que cogi\u00f3 una enfermedad que le atac\u00f3 al o\u00eddo, quedando sorda total. As\u00ed que tenemos a Henrietta, una mujer ya de 25 a\u00f1os, sin un brillante expediente acad\u00e9mico, sin experiencia acad\u00e9mica y sorda. Dif\u00edcil futuro para ella. Pero, consigui\u00f3 entrar como ayudante en un laboratorio donde una serie de mujeres trabajaban como lo que ahora ser\u00edan becarias para el profesor Edward Pickering, uno de los principales astr\u00f3nomos de la \u00e9poca y director del observatorio de Harvard. Gratis, eso s\u00ed. Ella era una m\u00e1s de aquellas chicas, a las que llamaban \u00abcomputadoras\u00bb, pues su \u00fanico trabajo, d\u00eda tras d\u00eda, era clasificar miles de fotograf\u00edas espectrales de estrellas. A pesar del poco prestigio, era un grupo muy profesional. Idearon una clasificaci\u00f3n en funci\u00f3n del espectro y del brillo y clasificaron cientos de miles de estrellas. Esa clasificaci\u00f3n sigue us\u00e1ndose ...<\/p>\n<div class=\"pt-cv-rmwrap\"><a href=\"https:\/\/mafran.es\/en\/un-brillo-que-no-puede-contenerse\/\" class=\"_self pt-cv-readmore btn btn-success\" target=\"_self\">Leer M\u00e1s<\/a><\/div>\n<\/div>\n<div class=\"pt-cv-meta-fields\"><span class=\"entry-date\"> <time datetime=\"2016-03-13T22:03:00+00:00\">March 13, 2016<\/time><\/span><span> \/ <\/span><span class=\"author\"> <a href=\"https:\/\/mafran.es\/en\/author\/mafran\/\" rel=\"author\">mafran<\/a><\/span><span> \/ <\/span><span class=\"terms\"> <a href='https:\/\/mafran.es\/en\/tag\/astronomia\/' title='Astronom\u00eda' class='pt-cv-tax-astronomia'>Astronom\u00eda<\/a>, <a href='https:\/\/mafran.es\/en\/tag\/ciencia\/' title='Ciencia' class='pt-cv-tax-ciencia'>Ciencia<\/a>, <a href='https:\/\/mafran.es\/en\/tag\/historia\/' title='Historia' class='pt-cv-tax-historia'>Historia<\/a>, <a href='https:\/\/mafran.es\/en\/category\/no-puedo-dormir-sin-saber-esto\/' title='No Puedo Dormir Sin Saber Esto' class='pt-cv-tax-no-puedo-dormir-sin-saber-esto'>No Puedo Dormir Sin Saber Esto<\/a><\/span><\/div>\n<\/div>\n<\/div>\n<div class=\"col-md-12 col-sm-12 col-xs-12 pt-cv-content-item pt-cv-2-col\" >\n<div class='pt-cv-ifield'><a href=\"https:\/\/mafran.es\/en\/vuelva-usted-manana-si-estamos\/\" class=\"_self pt-cv-href-thumbnail pt-cv-thumb-left\" target=\"_self\" ><img loading=\"lazy\" decoding=\"async\" width=\"200\" height=\"130\" src=\"https:\/\/mafran.es\/wp-content\/uploads\/2016\/03\/PEC3B1arrubia.jpg\" class=\"pt-cv-thumbnail pull-left\" alt=\"\" \/><\/a><\/p>\n<h5 class=\"pt-cv-title\"><a href=\"https:\/\/mafran.es\/en\/vuelva-usted-manana-si-estamos\/\" class=\"_self\" target=\"_self\" >Vuelva usted ma\u00f1ana&#8230; si estamos<\/a><\/h5>\n<div class=\"pt-cv-content\">Este fin de semana lo hemos pasado en compa\u00f1\u00eda de aut\u00e9nticas Viejas Glorias en un sitio fant\u00e1stico, Teba, en la provincia de M\u00e1laga. Hemos visitado el Desfiladero de los Gaitanes y, en las visitas a los embalses del Guadalteba, Guadalhorce y el embalse del Conde he encontrado una historia curiosa. Una demostraci\u00f3n de lo que es este pa\u00eds, tan bien descrito por el inolvidable Mariano Jos\u00e9 de Larra en su art\u00edculo \u00abVuelva usted ma\u00f1ana\u00bb (que por cierto recomiendo leer, porque podr\u00eda estar publicado en estos d\u00edas sin perder vigencia alguna). Vayamos a primeros del siglo XX, cuando la zona del Desfiladero de los Gaitanes comienza a desarrollarse con una central hidroel\u00e9ctrica (que llev\u00f3 a la construcci\u00f3n del famoso \u00abCaminito del Rey\u00bb) y una presa. El desarrollo de los cultivos de la zona, en los planes de conolizaci\u00f3n rural de la \u00e9poca de Franco, llev\u00f3 sobre 1960, a analizar proyectos para dotar de m\u00e1s agua a la zona y que, adem\u00e1s permitieran solucionar problemas de recrecidas en la ciudad de M\u00e1laga. Tras varios an\u00e1lisis se establece, en 1961 que la soluci\u00f3n para por construir dos presas, una en el r\u00edo Guadalteba y otro en el r\u00edo Guadalhorce justo en la confluencia de los dos r\u00edos, de forma que sean casi una sola presa. Las obras de \u00e9stas comenzaron en 1966 y&#8230; aqu\u00ed comienza nuestra historia. Y comienza porque la construcci\u00f3n de estas presas inundar\u00edan una zona bastante extensa, y entre ellas, inundar\u00e1 un pueblo, Pe\u00f1arrubia y su pedan\u00eda Gobantes, que adem\u00e1s era una estaci\u00f3n f\u00e9rrea de la l\u00ednea Algeciras &#8211; Bobadilla. Tras varios a\u00f1os de protestas e inquietudes, acrecentados por el secretismo de la propia administraci\u00f3n que no daban informaci\u00f3n veraz a los vecinos, pero que ve\u00edan que a pocos kil\u00f3metros se estaba construyendo una presa y c\u00f3mo el pueblo dej\u00f3 ...<\/p>\n<div class=\"pt-cv-rmwrap\"><a href=\"https:\/\/mafran.es\/en\/vuelva-usted-manana-si-estamos\/\" class=\"_self pt-cv-readmore btn btn-success\" target=\"_self\">Leer M\u00e1s<\/a><\/div>\n<\/div>\n<div class=\"pt-cv-meta-fields\"><span class=\"entry-date\"> <time datetime=\"2016-03-08T21:53:00+00:00\">March 8, 2016<\/time><\/span><span> \/ <\/span><span class=\"author\"> <a href=\"https:\/\/mafran.es\/en\/author\/mafran\/\" rel=\"author\">mafran<\/a><\/span><span> \/ <\/span><span class=\"terms\"> <a href='https:\/\/mafran.es\/en\/tag\/historia\/' title='Historia' class='pt-cv-tax-historia'>Historia<\/a>, <a href='https:\/\/mafran.es\/en\/category\/no-puedo-dormir-sin-saber-esto\/' title='No Puedo Dormir Sin Saber Esto' class='pt-cv-tax-no-puedo-dormir-sin-saber-esto'>No Puedo Dormir Sin Saber Esto<\/a>, <a href='https:\/\/mafran.es\/en\/tag\/politica\/' title='Pol\u00edtica' class='pt-cv-tax-politica'>Pol\u00edtica<\/a><\/span><\/div>\n<\/div>\n<\/div>\n<div class=\"col-md-12 col-sm-12 col-xs-12 pt-cv-content-item pt-cv-2-col\" >\n<div class='pt-cv-ifield'><a href=\"https:\/\/mafran.es\/en\/enterrados-por-el-destino\/\" class=\"_self pt-cv-href-thumbnail pt-cv-thumb-left\" target=\"_self\" ><img loading=\"lazy\" decoding=\"async\" width=\"200\" height=\"152\" src=\"https:\/\/mafran.es\/wp-content\/uploads\/2016\/02\/Volcanes.jpg\" class=\"pt-cv-thumbnail pull-left\" alt=\"\" \/><\/a><\/p>\n<h5 class=\"pt-cv-title\"><a href=\"https:\/\/mafran.es\/en\/enterrados-por-el-destino\/\" class=\"_self\" target=\"_self\" >Enterrados por el destino<\/a><\/h5>\n<div class=\"pt-cv-content\">La semana pasada mi hermana me exigi\u00f3 que escribiera una entrada sobre volcanes y ciudades enterradas en lava, porque parece que este verano van a tener la fortuna de poder visitar Pompeya. Obviamente esta es la primera referencia cuando uno piensa en este tipo de tragedias, pero ni es la \u00fanica ni siquiera es la m\u00e1s importante. Pompeya y Herculano fueron enterrados en lava en el a\u00f1o 79 d.C. la alta velocidad que alcanz\u00f3 el flujo volc\u00e1nico (se llama t\u00e9cnicamente flujo pirocl\u00e1stico), alcanz\u00f3 a los habitantes y destruy\u00f3 la ciudad completamente, dej\u00e1ndola fosilizada para la eternidad. Eso s\u00ed, no se puede pensar que Pompeya qued\u00f3 como una fotograf\u00eda. S\u00f3lo se han encontrado 2.000 cuerpos y se estimaba que la poblaci\u00f3n rondaba entre los 10.000 y los 15.000 habitantes. Pero como digo no es la \u00fanica ni la m\u00e1s importante de las erupciones. Quiz\u00e1s la m\u00e1s importante para la historia haya sido la del volc\u00e1n Laki, que gener\u00f3 nada menos que la Revoluci\u00f3n Francesa (ver entrada \u00abEl origen de la rep\u00fablica\u00bb), aunque no fue una erupci\u00f3n demasiado grande, s\u00ed llev\u00f3 consigo muchos cambios, casi un cambio de era. En el mundo de las erupciones volc\u00e1nicas, un pa\u00eds destaca por encima de los dem\u00e1s: Indonesia. Indonesia es un pa\u00eds enorme, muy poblado, pero constituido por m\u00faltiples islas volc\u00e1nicas (ver entrada \u00abUn ejemplo de gesti\u00f3n de la diversidad\u00bb). Ese pa\u00eds acumula 6 de las principales erupciones de la historia. La mayor registrada es la del volc\u00e1n Tambora, en la isla de Sumbawa, una isla del tama\u00f1o del doble de la provincia de C\u00e1diz y que registr\u00f3 una erupci\u00f3n IEV-7 (indice que mide las erupciones volc\u00e1nicas), el tope de la clasificaci\u00f3n. Despu\u00e9s de varios d\u00edas dando avisos, el 10 de abril de 1815 se registr\u00f3 una explosi\u00f3n que se escuch\u00f3 en Sumatra, a nada ...<\/p>\n<div class=\"pt-cv-rmwrap\"><a href=\"https:\/\/mafran.es\/en\/enterrados-por-el-destino\/\" class=\"_self pt-cv-readmore btn btn-success\" target=\"_self\">Leer M\u00e1s<\/a><\/div>\n<\/div>\n<div class=\"pt-cv-meta-fields\"><span class=\"entry-date\"> <time datetime=\"2016-02-29T19:51:00+00:00\">February 29, 2016<\/time><\/span><span> \/ <\/span><span class=\"author\"> <a href=\"https:\/\/mafran.es\/en\/author\/mafran\/\" rel=\"author\">mafran<\/a><\/span><span> \/ <\/span><span class=\"terms\"> <a href='https:\/\/mafran.es\/en\/tag\/geografia\/' title='Geograf\u00eda' class='pt-cv-tax-geografia'>Geograf\u00eda<\/a>, <a href='https:\/\/mafran.es\/en\/tag\/historia\/' title='Historia' class='pt-cv-tax-historia'>Historia<\/a>, <a href='https:\/\/mafran.es\/en\/category\/no-puedo-dormir-sin-saber-esto\/' title='No Puedo Dormir Sin Saber Esto' class='pt-cv-tax-no-puedo-dormir-sin-saber-esto'>No Puedo Dormir Sin Saber Esto<\/a><\/span><\/div>\n<\/div>\n<\/div>\n<div class=\"col-md-12 col-sm-12 col-xs-12 pt-cv-content-item pt-cv-2-col\" >\n<div class='pt-cv-ifield'><a href=\"https:\/\/mafran.es\/en\/menos-es-mas\/\" class=\"_self pt-cv-href-thumbnail pt-cv-thumb-left\" target=\"_self\" ><img loading=\"lazy\" decoding=\"async\" width=\"134\" height=\"200\" src=\"https:\/\/mafran.es\/wp-content\/uploads\/2016\/02\/Fresnel.jpg\" class=\"pt-cv-thumbnail pull-left\" alt=\"\" \/><\/a><\/p>\n<h5 class=\"pt-cv-title\"><a href=\"https:\/\/mafran.es\/en\/menos-es-mas\/\" class=\"_self\" target=\"_self\" >Menos es mas.<\/a><\/h5>\n<div class=\"pt-cv-content\">La historia de hoy es una historia de arrogancia y de una paradoja que se produce en telecomunicaciones que siempre me ha llamado la atenci\u00f3n. En telecomunicaciones, los radioenlaces (por cierto, denostados a nivel comercial, por una falsa creencia de peor calidad) tienen una particularidad: no siempre m\u00e1s visi\u00f3n es mejor. Un radioenlace es como un cable que se forma en espacio, es un cable imaginario que une una antena con otra. Ese \u00abcable\u00bb tiene un rayo principal, que es la l\u00ednea recta que une las dos antenas (que deben verse, literalmente, entre s\u00ed). Alrededor de esa recta el cable toma forma de elipse, uniendo las dos antenas formando una especie de globo. Cabe pensar que cuanto mayor sea el globo que es capaz de llegar de unir las dos antenas (el globo dejar\u00eda de hincharse cuando apareciera un obst\u00e1culo), m\u00e1s potencia llegar\u00eda a la otra antena y el resultado ser\u00eda mejor, pero no es as\u00ed. En la pr\u00e1ctica se comprueba que la se\u00f1al aumenta, hasta que llega un momento que empieza a menguar, hasta que se hace casi cero, y despu\u00e9s vuelve a crecer. Esto se debe a que a medida que el globo crece, el recorrido es m\u00e1s largo y se produce un desfase que termina compensando la propia se\u00f1al inicial. Es como escucharse con retardo, que no entiende uno nada. La parte del globo que hace que la se\u00f1al crezca es la llamada primera zona de Fresnel. Cuando empieza a menguar estamos en la segunda zona de Fresnel, y as\u00ed sucesivamente la tercera, cuarta, etc sumando y restando. Esto afecta en la pr\u00e1ctica que si en un radioenlace hay un obst\u00e1culo que deja pasar la primera y segunda zona de Fresnel pero no m\u00e1s, la se\u00f1al es muy inferior que si el obst\u00e1culo tapara m\u00e1s visi\u00f3n y ...<\/p>\n<div class=\"pt-cv-rmwrap\"><a href=\"https:\/\/mafran.es\/en\/menos-es-mas\/\" class=\"_self pt-cv-readmore btn btn-success\" target=\"_self\">Leer M\u00e1s<\/a><\/div>\n<\/div>\n<div class=\"pt-cv-meta-fields\"><span class=\"entry-date\"> <time datetime=\"2016-02-21T20:42:00+00:00\">February 21, 2016<\/time><\/span><span> \/ <\/span><span class=\"author\"> <a href=\"https:\/\/mafran.es\/en\/author\/mafran\/\" rel=\"author\">mafran<\/a><\/span><span> \/ <\/span><span class=\"terms\"> <a href='https:\/\/mafran.es\/en\/tag\/ciencia\/' title='Ciencia' class='pt-cv-tax-ciencia'>Ciencia<\/a>, <a href='https:\/\/mafran.es\/en\/tag\/historia\/' title='Historia' class='pt-cv-tax-historia'>Historia<\/a>, <a href='https:\/\/mafran.es\/en\/category\/no-puedo-dormir-sin-saber-esto\/' title='No Puedo Dormir Sin Saber Esto' class='pt-cv-tax-no-puedo-dormir-sin-saber-esto'>No Puedo Dormir Sin Saber Esto<\/a>, <a href='https:\/\/mafran.es\/en\/tag\/tecnologia\/' title='Tecnolog\u00eda' class='pt-cv-tax-tecnologia'>Tecnolog\u00eda<\/a><\/span><\/div>\n<\/div>\n<\/div>\n<div class=\"col-md-12 col-sm-12 col-xs-12 pt-cv-content-item pt-cv-2-col\" >\n<div class='pt-cv-ifield'><a href=\"https:\/\/mafran.es\/en\/de-la-necesidad-pioneros\/\" class=\"_self pt-cv-href-thumbnail pt-cv-thumb-left\" target=\"_self\" ><img loading=\"lazy\" decoding=\"async\" width=\"200\" height=\"107\" src=\"https:\/\/mafran.es\/wp-content\/uploads\/2016\/02\/vote-146962.png\" class=\"pt-cv-thumbnail pull-left\" alt=\"\" \/><\/a><\/p>\n<h5 class=\"pt-cv-title\"><a href=\"https:\/\/mafran.es\/en\/de-la-necesidad-pioneros\/\" class=\"_self\" target=\"_self\" >De la necesidad, pioneros<\/a><\/h5>\n<div class=\"pt-cv-content\">La historia de hoy es una historia que va de la mano de la conquista de las igualdades que la sociedad occidental ha ido consiguiendo. Y la representaci\u00f3n de esta igualdad en la sociedad democr\u00e1tica es el concepto de 1 persona 1 voto, el sufragio universal. Pero este concepto, base de la democracia moderna, ni es tan extendido como se cree, y desde luego, no hace tantos a\u00f1os que est\u00e1 implantado. Y no siempre el sufragio universal se ha conseguido despu\u00e9s del voto femenino, en la mayor\u00eda de los pa\u00edses no lleg\u00f3 hasta muchos a\u00f1os despu\u00e9s de que las mujeres consiguieran ese derecho. Pero vayamos al principio. Para contar este inicio de la historia, hay que ir a un cl\u00e1sico del cine, \u00abMot\u00edn a Bordo\u00bb. Esta pel\u00edcula cuenta la historia de un nav\u00edo, llamado HMS Bounty, donde en 1789 se produjo un mot\u00edn en mitad del Pac\u00edfico en el que los marinos tomaron el control del buque y enviaron al capit\u00e1n en una barcaza a su suerte. La historia de este capit\u00e1n es una historia fant\u00e1stica, pero centr\u00e9monos en los amotinados. Hab\u00edan venido de Tahit\u00ed, encantados con el lugar y sus habitantes y no quer\u00edan volver a Inglaterra. As\u00ed que despu\u00e9s del mot\u00edn, buscaron unas islas perdidas para instalarse para siempre: las islas Pitcairn. All\u00ed vivieron y formaron familias con habitantes locales. Era s\u00f3lo una peque\u00f1a poblaci\u00f3n de pocas personas, pero la colonia de los descendientes perdura hasta hoy. En 1825 fueron descubiertas las islas de nuevo por otro nav\u00edo ingl\u00e9s y se encontraron los descendientes de los amotinados (s\u00f3lo uno sobreviv\u00eda). Poco despu\u00e9s, en 1838, la isla pas\u00f3 a formar parte del territorio brit\u00e1nico y ese mismo a\u00f1o los habitantes elegir\u00edan a sus representantes. Como hab\u00eda tan poca poblaci\u00f3n se decidi\u00f3 autorizar el voto a todos los habitantes, incluidas ...<\/p>\n<div class=\"pt-cv-rmwrap\"><a href=\"https:\/\/mafran.es\/en\/de-la-necesidad-pioneros\/\" class=\"_self pt-cv-readmore btn btn-success\" target=\"_self\">Leer M\u00e1s<\/a><\/div>\n<\/div>\n<div class=\"pt-cv-meta-fields\"><span class=\"entry-date\"> <time datetime=\"2016-02-14T21:07:00+00:00\">February 14, 2016<\/time><\/span><span> \/ <\/span><span class=\"author\"> <a href=\"https:\/\/mafran.es\/en\/author\/mafran\/\" rel=\"author\">mafran<\/a><\/span><span> \/ <\/span><span class=\"terms\"> <a href='https:\/\/mafran.es\/en\/category\/no-puedo-dormir-sin-saber-esto\/' title='No Puedo Dormir Sin Saber Esto' class='pt-cv-tax-no-puedo-dormir-sin-saber-esto'>No Puedo Dormir Sin Saber Esto<\/a>, <a href='https:\/\/mafran.es\/en\/tag\/politica\/' title='Pol\u00edtica' class='pt-cv-tax-politica'>Pol\u00edtica<\/a><\/span><\/div>\n<\/div>\n<\/div>\n<div class=\"col-md-12 col-sm-12 col-xs-12 pt-cv-content-item pt-cv-2-col\" >\n<div class='pt-cv-ifield'><a href=\"https:\/\/mafran.es\/en\/el-poder-de-los-libros\/\" class=\"_self pt-cv-href-thumbnail pt-cv-thumb-left\" target=\"_self\" ><img loading=\"lazy\" decoding=\"async\" width=\"150\" height=\"200\" src=\"https:\/\/mafran.es\/wp-content\/uploads\/2016\/02\/Faraday.jpg\" class=\"pt-cv-thumbnail pull-left\" alt=\"\" \/><\/a><\/p>\n<h5 class=\"pt-cv-title\"><a href=\"https:\/\/mafran.es\/en\/el-poder-de-los-libros\/\" class=\"_self\" target=\"_self\" >El poder de los libros<\/a><\/h5>\n<div class=\"pt-cv-content\">La entrada de hoy, es sin lugar a dudas, un cuento de hadas. Un cuento de hadas que culmin\u00f3 en una unidad de medida que incluso lleg\u00f3 a formar parte de una canci\u00f3n algo surrealista de primeros de los ochenta, el Faradio. Esa unidad deriva de un apellido, Faraday, y de un hombre, Michael Faraday, uno de los cient\u00edficos m\u00e1s reconocidos del siglo XIX, y toda una leyenda de la Royal Society de Londres, pero que tuvo que pelear cada momento de su vida como cient\u00edfico. Faraday naci\u00f3 en Newington, en el sur de Londres, en una familia muy humilde. Casi pobre. Desde muy peque\u00f1o, la educaci\u00f3n fue algo secundaria, hab\u00eda que trabajar, primero como repartidor de peri\u00f3dicos, pero con 14 a\u00f1os, tuvo la fortuna de entrar a trabajar como aprendiz de encuadernador de libros. Eso le daba una ventaja importante, ten\u00eda acceso a la lectura y Michael, que ten\u00eda una mente muy inquieta, se beb\u00eda los libros. Uno tras otro los libros pasaban por sus manos, especialmente los libros cient\u00edficos. En 1812, con 20 a\u00f1os, comenz\u00f3 a asistir a conferencias de la Royal Society. Iba invitado por un amigo, al gallinero, pero apuntaba con devoci\u00f3n lo que se dec\u00eda en las conferencias, en especial las de Humphry Davy, uno de los principales cient\u00edficos de la \u00e9poca. Al cabo de un tiempo, Faraday, decidi\u00f3 jug\u00e1rsela. Ten\u00eda muchas notas y ten\u00eda acceso a encuadernaci\u00f3n. \u00bfPodr\u00eda funcionar? Decidi\u00f3 agrupar todas sus notas, encuadernarlas y envi\u00e1rselas a Davy, junto con una petici\u00f3n: quer\u00eda aprender a su lado. Davy se sorprendi\u00f3 con el presente. Nadie se hab\u00eda molestado tanto en aprender, y por supuesto nadie se lo hab\u00eda demostrado con tantas ganas. Al poco, el destino quiso que uno de los aprendices de Davy fuera despedido y se acord\u00f3 de aquel joven que decidi\u00f3 ...<\/p>\n<div class=\"pt-cv-rmwrap\"><a href=\"https:\/\/mafran.es\/en\/el-poder-de-los-libros\/\" class=\"_self pt-cv-readmore btn btn-success\" target=\"_self\">Leer M\u00e1s<\/a><\/div>\n<\/div>\n<div class=\"pt-cv-meta-fields\"><span class=\"entry-date\"> <time datetime=\"2016-02-07T23:05:00+00:00\">February 7, 2016<\/time><\/span><span> \/ <\/span><span class=\"author\"> <a href=\"https:\/\/mafran.es\/en\/author\/mafran\/\" rel=\"author\">mafran<\/a><\/span><span> \/ <\/span><span class=\"terms\"> <a href='https:\/\/mafran.es\/en\/tag\/ciencia\/' title='Ciencia' class='pt-cv-tax-ciencia'>Ciencia<\/a>, <a href='https:\/\/mafran.es\/en\/tag\/historia\/' title='Historia' class='pt-cv-tax-historia'>Historia<\/a>, <a href='https:\/\/mafran.es\/en\/category\/no-puedo-dormir-sin-saber-esto\/' title='No Puedo Dormir Sin Saber Esto' class='pt-cv-tax-no-puedo-dormir-sin-saber-esto'>No Puedo Dormir Sin Saber Esto<\/a><\/span><\/div>\n<\/div>\n<\/div>\n<div class=\"col-md-12 col-sm-12 col-xs-12 pt-cv-content-item pt-cv-2-col\" >\n<div class='pt-cv-ifield'><a href=\"https:\/\/mafran.es\/en\/un-estrecho-muy-remoto\/\" class=\"_self pt-cv-href-thumbnail pt-cv-thumb-left\" target=\"_self\" ><img loading=\"lazy\" decoding=\"async\" width=\"193\" height=\"200\" src=\"https:\/\/mafran.es\/wp-content\/uploads\/2016\/01\/Torres.jpg\" class=\"pt-cv-thumbnail pull-left\" alt=\"\" \/><\/a><\/p>\n<h5 class=\"pt-cv-title\"><a href=\"https:\/\/mafran.es\/en\/un-estrecho-muy-remoto\/\" class=\"_self\" target=\"_self\" >Un estrecho muy remoto<\/a><\/h5>\n<div class=\"pt-cv-content\">Ayer tuve la fortuna de visitar la Nao Victoria en el Puerto de Algeciras. Todo un privilegio ver la r\u00e9plica del barco que primero circunnaveg\u00f3 el globo. Una aventura de h\u00e9roes de la que ya escrib\u00ed una entrada (\u00abDe secundario a leyenda\u00bb). Pero ayer, viendo este barco, record\u00e9 otra historia relacionada con esa \u00e9poca de aventuras \u00e9picas, de la que qued\u00f3 un nombre geogr\u00e1fico muy cercano para m\u00ed: El Estrecho de Torres. Pocos conocen a este lado del mundo d\u00f3nde est\u00e1 este estrecho ni qu\u00e9 signific\u00f3 en su momento, as\u00ed que lo primero es ubicarlo: es el estrecho que separa Pap\u00faa Nueva Guinea del norte de Australia. Tiene una longitud de 150 Km de punta a punta, pero sin embargo, es todo un embudo, dado que es un estrecho muy poco profundo (entre 7 y 15 metros \u00fanicamente) y est\u00e1 plagado de islas (hay aproximadamente 250 islas en este estrecho, de las que 17 est\u00e1n habitadas permanentemente), que forman parte reconocida de Australia y sus habitantes (unos 10.000) son reconocidos abor\u00edgenes por el Gobierno Australiano. Este dif\u00edcil punto de navegaci\u00f3n fue descubierto por uno de los aventureros espa\u00f1oles de la \u00e9poca en la que los espa\u00f1oles conoc\u00edan como nadie el mundo: Luis V\u00e1ez de Torres. Es un personaje altamente misterioso, del que no se conoce el nacimiento, ni el lugar del mismo, ni nada hasta que, en 1605 aparece en los registros del Nuevo Mundo como comandante de la segunda nave de una expedici\u00f3n al Pac\u00edfico, la expedici\u00f3n de Pedro Fern\u00e1ndez de Quir\u00f3s. Espa\u00f1a estaba empe\u00f1ada en conocer bien el Pac\u00edfico, desde que en 1521, Fernando de Magallanes descubriera las Filipinas. En 1605, ya estaban descubiertas las islas Filipinas, las Islas Salom\u00f3n y las Islas Marianas y la teor\u00eda en esa \u00e9poca es que deb\u00eda existir un gran contienente al ...<\/p>\n<div class=\"pt-cv-rmwrap\"><a href=\"https:\/\/mafran.es\/en\/un-estrecho-muy-remoto\/\" class=\"_self pt-cv-readmore btn btn-success\" target=\"_self\">Leer M\u00e1s<\/a><\/div>\n<\/div>\n<div class=\"pt-cv-meta-fields\"><span class=\"entry-date\"> <time datetime=\"2016-01-31T17:46:00+00:00\">January 31, 2016<\/time><\/span><span> \/ <\/span><span class=\"author\"> <a href=\"https:\/\/mafran.es\/en\/author\/mafran\/\" rel=\"author\">mafran<\/a><\/span><span> \/ <\/span><span class=\"terms\"> <a href='https:\/\/mafran.es\/en\/tag\/geografia\/' title='Geograf\u00eda' class='pt-cv-tax-geografia'>Geograf\u00eda<\/a>, <a href='https:\/\/mafran.es\/en\/tag\/historia\/' title='Historia' class='pt-cv-tax-historia'>Historia<\/a>, <a href='https:\/\/mafran.es\/en\/category\/no-puedo-dormir-sin-saber-esto\/' title='No Puedo Dormir Sin Saber Esto' class='pt-cv-tax-no-puedo-dormir-sin-saber-esto'>No Puedo Dormir Sin Saber Esto<\/a><\/span><\/div>\n<\/div>\n<\/div>\n<\/div>\n<\/div>\n<div class=\"pt-cv-pagination-wrapper\">\n<ul class=\"pt-cv-pagination pt-cv-normal pagination\" data-totalpages=\"6\" data-currentpage=\"1\" data-sid=\"507fa7df61\" data-unid=\"\" data-isblock=\"\" data-postid=\"\">\n<li class=\"active\"><a href=\"#\">1<\/a><\/li>\n<li ><a class=\"\" href=\"https:\/\/mafran.es\/en\/wp-json\/wp\/v2\/pages\/323\/?_page=2\">2<\/a><\/li>\n<li ><a class=\"\" href=\"https:\/\/mafran.es\/en\/wp-json\/wp\/v2\/pages\/323\/?_page=3\">3<\/a><\/li>\n<li ><a href=\"#\">&hellip;<\/a><\/li>\n<li ><a class=\"\" href=\"https:\/\/mafran.es\/en\/wp-json\/wp\/v2\/pages\/323\/?_page=6\">6<\/a><\/li>\n<li ><a class=\"\" href=\"https:\/\/mafran.es\/en\/wp-json\/wp\/v2\/pages\/323\/?_page=2\">&rsaquo;<\/a><\/li>\n<\/ul>\n<p><img loading=\"lazy\" decoding=\"async\" width=\"15\" height=\"15\" class=\"pt-cv-spinner\" alt=\"Loading...\" src=\"data:image\/gif;base64,R0lGODlhDwAPALMPAMrKygwMDJOTkz09PZWVla+vr3p6euTk5M7OzuXl5TMzMwAAAJmZmWZmZszMzP\/\/\/yH\/C05FVFNDQVBFMi4wAwEAAAAh+QQFCgAPACwAAAAADwAPAAAEQvDJaZaZOIcV8iQK8VRX4iTYoAwZ4iCYoAjZ4RxejhVNoT+mRGP4cyF4Pp0N98sBGIBMEMOotl6YZ3S61Bmbkm4mAgAh+QQFCgAPACwAAAAADQANAAAENPDJSRSZeA418itN8QiK8BiLITVsFiyBBIoYqnoewAD4xPw9iY4XLGYSjkQR4UAUD45DLwIAIfkEBQoADwAsAAAAAA8ACQAABC\/wyVlamTi3nSdgwFNdhEJgTJoNyoB9ISYoQmdjiZPcj7EYCAeCF1gEDo4Dz2eIAAAh+QQFCgAPACwCAAAADQANAAAEM\/DJBxiYeLKdX3IJZT1FU0iIg2RNKx3OkZVnZ98ToRD4MyiDnkAh6BkNC0MvsAj0kMpHBAAh+QQFCgAPACwGAAAACQAPAAAEMDC59KpFDll73HkAA2wVY5KgiK5b0RRoI6MuzG6EQqCDMlSGheEhUAgqgUUAFRySIgAh+QQFCgAPACwCAAIADQANAAAEM\/DJKZNLND\/kkKaHc3xk+QAMYDKsiaqmZCxGVjSFFCxB1vwy2oOgIDxuucxAMTAJFAJNBAAh+QQFCgAPACwAAAYADwAJAAAEMNAs86q1yaWwwv2Ig0jUZx3OYa4XoRAfwADXoAwfo1+CIjyFRuEho60aSNYlOPxEAAAh+QQFCgAPACwAAAIADQANAAAENPA9s4y8+IUVcqaWJ4qEQozSoAzoIyhCK2NFU2SJk0hNnyEOhKR2AzAAj4Pj4GE4W0bkJQIAOw==\" \/><\/p>\n<div class=\"clear pt-cv-clear-pagination\"><\/div>\n<\/div>\n<\/div>\n<\/div>\n<\/div><\/div><\/div><\/div><\/div>","protected":false},"excerpt":{"rendered":"<p>P\u00e1gina de Inicio Entradas\u25ba2021 (3)\u25ba&nbsp;October (2)Mis RelatosMi Turno \u25ba&nbsp;September (1)Olor a Sal \u25ba2020 (10)\u25ba&nbsp;November (2)Luz del CaosPerdici\u00f3n \u25ba&nbsp;March (1)Cadenas tensas \u25ba&nbsp;February (4)Inspeccionando en fronteraTransportando el vac\u00edoTransbordando&#8230; o noAprovechando el desecho \u25ba&nbsp;January (3)Paquetizando el transporteLa importancia de las \u00e1reas log\u00edsticas de interiorEl hinterland \u25bc2019 (7)\u25bc&nbsp;December (2)RiesgosEl valor del tiempo \u25bc&nbsp;November (4)El concepto de cadena log\u00edsticaEl contrato log\u00edsticoNo solo transportar\u00bfDe qu\u00e9 depende la log\u00edstica? \u25bc&nbsp;October (1)\u00bfQu\u00e9 es la log\u00edstica? \u25ba2017 (4)\u25ba&nbsp;August (1)Sobre el Corredor Mediterr\u00e1neo \u25ba&nbsp;July (1)Cuando las matem\u00e1ticas cuadran \u25ba&nbsp;February (1)Un billete fuera de su tiempo \u25ba&nbsp;January (1)La lengua de Cerbantes&hellip;<\/p>","protected":false},"author":1,"featured_media":0,"parent":0,"menu_order":0,"comment_status":"closed","ping_status":"closed","template":"template-gutentor-full-width.php","meta":{"footnotes":""},"class_list":["post-323","page","type-page","status-publish","hentry"],"rttpg_featured_image_url":null,"rttpg_author":{"display_name":"mafran","author_link":"https:\/\/mafran.es\/en\/author\/mafran\/"},"rttpg_comment":0,"rttpg_category":null,"rttpg_excerpt":"P\u00e1gina de Inicio Entradas\u25ba2021 (3)\u25ba&nbsp;October (2)Mis RelatosMi Turno \u25ba&nbsp;September (1)Olor a Sal \u25ba2020 (10)\u25ba&nbsp;November (2)Luz del CaosPerdici\u00f3n \u25ba&nbsp;March (1)Cadenas tensas \u25ba&nbsp;February (4)Inspeccionando en fronteraTransportando el vac\u00edoTransbordando... o noAprovechando el desecho \u25ba&nbsp;January (3)Paquetizando el transporteLa importancia de las \u00e1reas log\u00edsticas de interiorEl hinterland \u25bc2019 (7)\u25bc&nbsp;December (2)RiesgosEl valor del tiempo \u25bc&nbsp;November (4)El concepto de cadena log\u00edsticaEl contrato&hellip;","_links":{"self":[{"href":"https:\/\/mafran.es\/en\/wp-json\/wp\/v2\/pages\/323","targetHints":{"allow":["GET"]}}],"collection":[{"href":"https:\/\/mafran.es\/en\/wp-json\/wp\/v2\/pages"}],"about":[{"href":"https:\/\/mafran.es\/en\/wp-json\/wp\/v2\/types\/page"}],"author":[{"embeddable":true,"href":"https:\/\/mafran.es\/en\/wp-json\/wp\/v2\/users\/1"}],"replies":[{"embeddable":true,"href":"https:\/\/mafran.es\/en\/wp-json\/wp\/v2\/comments?post=323"}],"version-history":[{"count":33,"href":"https:\/\/mafran.es\/en\/wp-json\/wp\/v2\/pages\/323\/revisions"}],"predecessor-version":[{"id":1063,"href":"https:\/\/mafran.es\/en\/wp-json\/wp\/v2\/pages\/323\/revisions\/1063"}],"wp:attachment":[{"href":"https:\/\/mafran.es\/en\/wp-json\/wp\/v2\/media?parent=323"}],"curies":[{"name":"wp","href":"https:\/\/api.w.org\/{rel}","templated":true}]}}